{"id":5584,"date":"2023-01-10T17:12:04","date_gmt":"2023-01-10T17:12:04","guid":{"rendered":"https:\/\/chateau.qodeinteractive.com\/?page_id=5584"},"modified":"2026-08-27T11:33:20","modified_gmt":"2026-08-27T11:33:20","slug":"eventi","status":"publish","type":"page","link":"https:\/\/www.mdgf.it\/new\/eventi\/","title":{"rendered":"Eventi"},"content":{"rendered":"\t\t<div data-elementor-type=\"wp-page\" data-elementor-id=\"5584\" class=\"elementor elementor-5584\">\n\t\t\t\t<div class=\"elementor-element elementor-element-e7df262 e-con-full e-flex e-con e-parent\" data-id=\"e7df262\" data-element_type=\"container\" data-settings=\"{&quot;content_width&quot;:&quot;full&quot;}\" data-core-v316-plus=\"true\">\n\t\t<div class=\"elementor-element elementor-element-314a79d e-flex e-con-boxed e-con e-child\" data-id=\"314a79d\" data-element_type=\"container\" data-settings=\"{&quot;content_width&quot;:&quot;boxed&quot;}\">\n\t\t\t\t\t<div class=\"e-con-inner\">\n\t\t\t\t<div class=\"elementor-element elementor-element-c0a3ad4 elementor-widget elementor-widget-heading\" data-id=\"c0a3ad4\" data-element_type=\"widget\" data-widget_type=\"heading.default\">\n\t\t\t\t<div class=\"elementor-widget-container\">\n\t\t\t<style>\/*! elementor - v3.19.0 - 07-02-2024 *\/\n.elementor-heading-title{padding:0;margin:0;line-height:1}.elementor-widget-heading .elementor-heading-title[class*=elementor-size-]>a{color:inherit;font-size:inherit;line-height:inherit}.elementor-widget-heading .elementor-heading-title.elementor-size-small{font-size:15px}.elementor-widget-heading .elementor-heading-title.elementor-size-medium{font-size:19px}.elementor-widget-heading .elementor-heading-title.elementor-size-large{font-size:29px}.elementor-widget-heading .elementor-heading-title.elementor-size-xl{font-size:39px}.elementor-widget-heading .elementor-heading-title.elementor-size-xxl{font-size:59px}<\/style><h2 class=\"elementor-heading-title elementor-size-default\"><a href=\"mailto:iosoio@mdgf.it\">LA SFIDA DEGLI CHEF, 4 CHEF,\n4 VERSIONI DELLE PINCINELLE ...\nE IL GIUDICE SEI TU!<\/a><\/h2>\t\t<\/div>\n\t\t\t\t<\/div>\n\t\t\t\t<div class=\"elementor-element elementor-element-970962a elementor-widget elementor-widget-text-editor\" data-id=\"970962a\" data-element_type=\"widget\" data-widget_type=\"text-editor.default\">\n\t\t\t\t<div class=\"elementor-widget-container\">\n\t\t\t<style>\/*! elementor - v3.19.0 - 07-02-2024 *\/\n.elementor-widget-text-editor.elementor-drop-cap-view-stacked .elementor-drop-cap{background-color:#69727d;color:#fff}.elementor-widget-text-editor.elementor-drop-cap-view-framed .elementor-drop-cap{color:#69727d;border:3px solid;background-color:transparent}.elementor-widget-text-editor:not(.elementor-drop-cap-view-default) .elementor-drop-cap{margin-top:8px}.elementor-widget-text-editor:not(.elementor-drop-cap-view-default) .elementor-drop-cap-letter{width:1em;height:1em}.elementor-widget-text-editor .elementor-drop-cap{float:left;text-align:center;line-height:1;font-size:50px}.elementor-widget-text-editor .elementor-drop-cap-letter{display:inline-block}<\/style>\t\t\t\t<h3 class=\"p1\" style=\"text-align: center;\">Torna l\u2019evento pi\u00f9 gustoso dell\u2019anno!<\/h3><h6 class=\"p1\" style=\"text-align: center;\"><span class=\"s1\"><img decoding=\"async\" class=\"emoji\" role=\"img\" draggable=\"false\" src=\"https:\/\/s.w.org\/images\/core\/emoji\/17.0.2\/svg\/1f468-200d-1f373.svg\" alt=\"\ud83d\udc68\u200d\ud83c\udf73\" \/><img decoding=\"async\" class=\"emoji\" role=\"img\" draggable=\"false\" src=\"https:\/\/s.w.org\/images\/core\/emoji\/17.0.2\/svg\/1f469-200d-1f373.svg\" alt=\"\ud83d\udc69\u200d\ud83c\udf73\" \/><img decoding=\"async\" class=\"emoji\" role=\"img\" draggable=\"false\" src=\"https:\/\/s.w.org\/images\/core\/emoji\/17.0.2\/svg\/1f3c6.svg\" alt=\"\ud83c\udfc6\" \/><\/span><\/h6><h5 class=\"p1\" style=\"text-align: center;\">LE PINCINELLE piatto della cucina della nostra tradizione: pasta ricavata dall\u2019impasto del pane e condita con i cosiddetti \u201csughi finti\u201d, preparati senza carne, con ingredienti semplici, ma ricchi di sapore !<\/h5><h5 class=\"p1\" style=\"text-align: center;\">Quest\u2019anno 4 Chef si sfideranno reinterpretando la ricetta in 4 diverse versioni, mantenendone intatto lo spirito.<\/h5><h5 class=\"p1\" style=\"text-align: center;\">E alla fine sarai tu a votare la tua preferita !<\/h5><h5 style=\"text-align: center;\">Info e prenotazioni: <img decoding=\"async\" class=\"emoji\" role=\"img\" draggable=\"false\" src=\"https:\/\/s.w.org\/images\/core\/emoji\/17.0.2\/svg\/1f4de.svg\" alt=\"\ud83d\udcde\" \/> 339 134 9396 <img decoding=\"async\" class=\"emoji\" role=\"img\" draggable=\"false\" src=\"https:\/\/s.w.org\/images\/core\/emoji\/17.0.2\/svg\/1f4e7.svg\" alt=\"\ud83d\udce7\" \/> iosoio@mdgf.it<b><u><\/u><\/b><\/h5>\t\t\t\t\t\t<\/div>\n\t\t\t\t<\/div>\n\t\t\t\t<div class=\"elementor-element elementor-element-0ad13b9 elementor-button-warning elementor-align-center elementor-widget__width-initial elementor-widget elementor-widget-button\" data-id=\"0ad13b9\" data-element_type=\"widget\" data-widget_type=\"button.default\">\n\t\t\t\t<div class=\"elementor-widget-container\">\n\t\t\t\t\t<div class=\"elementor-button-wrapper\">\n\t\t\t<a class=\"elementor-button elementor-button-link elementor-size-xl elementor-animation-pop\" href=\"https:\/\/marcheseeventi.web.app\/\">\n\t\t\t\t\t\t<span class=\"elementor-button-content-wrapper\">\n\t\t\t\t\t\t<span class=\"elementor-button-text\">PRENOTA QUI<\/span>\n\t\t<\/span>\n\t\t\t\t\t<\/a>\n\t\t<\/div>\n\t\t\t\t<\/div>\n\t\t\t\t<\/div>\n\t\t\t\t\t<\/div>\n\t\t\t\t<\/div>\n\t\t<div class=\"elementor-element elementor-element-b5cdc36 e-con-full e-flex e-con e-child\" data-id=\"b5cdc36\" data-element_type=\"container\" data-settings=\"{&quot;content_width&quot;:&quot;full&quot;}\">\n\t\t\t\t<div class=\"elementor-element elementor-element-a249404 elementor-widget elementor-widget-qi_addons_for_elementor_dual_image_with_content\" data-id=\"a249404\" data-element_type=\"widget\" data-widget_type=\"qi_addons_for_elementor_dual_image_with_content.default\">\n\t\t\t\t<div class=\"elementor-widget-container\">\n\t\t\t<div class=\"qodef-shortcode qodef-m  qodef-qi-dual-image-with-content qodef--content-right qodef-decoration--italic qodef-link--underline-draw qodef-qi--has-appear \">\n\t<div class=\"qodef-dual-content\">\n\t\t<div class=\"qodef-m-inner-content\">\n\t\t\t\t<h2 class=\"qodef-m-title\">\n\t\tla sfida degli chef\t<\/h2>\n\t\t\t\t<p class=\"qodef-m-text\">\ud83d\ude0b\ud83c\udfc6\nQuattro Chef. Quattro Pincinelle. Un solo vincitore. E a deciderlo sarai TU! <br>\n<br>\n\ud83d\udd56 PROGRAMMA<br>\nOre 19:00<br>\nAperitivo di benvenuto \ud83e\udd42 <br>\n<br>\nOre 20:00<br>\nINIZIO DELLA SFIDA<br>\n<br>\n\ud83c\udf9f\ufe0f IL BIGLIETTO COMPRENDE:<br>\n\u2022 4 assaggi di Pincinelle, uno per ciascuno Chef<br>\n\u2022 vino<br>\n\u2022 acqua<br>\n\u2022 partecipazione alla votazione per decretare il vincitore<br>\n<br>\n\ud83d\udcb6 BIGLIETTI<br>\n\ud83d\udd38 \u20ac 30 \u2013 Soci Associazione Marchese del Grillo<br>\n\ud83d\udd38 \u20ac 35 \u2013 Prevendita non soci<br>\n\ud83d\udd38 \u20ac 45 \u2013 Acquisto il giorno dell\u2019evento<br>\n\ud83d\udd38 \u20ac 20 \u2013 Menu bambini<br>\n<br>\n\ud83d\udc16 A tutti i partecipanti sar\u00e0 offerta una degustazione di una delle eccellenze del nostro territorio: il Salame di Fabriano Tritelli.\n<br>\n<br>\n\u26a0\ufe0f POSTI LIMITATI! Prenota il tuo posto e preparati ad assaggiare, confrontare e votare\ud83d\udc47\n\ud83d\udcde 339 1349396\n\ud83d\udce7 iosoio@mdgf.it<\/p>\n\t\t<\/div>\n\t\t<div class=\"qodef-m-inner-bottom\">\n\t\t\t\t\t<\/div>\n\t<\/div>\n\t<div class=\"qodef-image-holder\">\n\t\t<div class=\"qodef-m-main-image\">\n\t<img fetchpriority=\"high\" decoding=\"async\" width=\"1408\" height=\"768\" src=\"https:\/\/www.mdgf.it\/new\/wp-content\/uploads\/2026\/08\/pasta-pincinelle-chef-sfida-carote.jpeg\" class=\"attachment-full size-full\" alt=\"\" srcset=\"https:\/\/www.mdgf.it\/new\/wp-content\/uploads\/2026\/08\/pasta-pincinelle-chef-sfida-carote.jpeg 1408w, https:\/\/www.mdgf.it\/new\/wp-content\/uploads\/2026\/08\/pasta-pincinelle-chef-sfida-carote-300x164.jpeg 300w, https:\/\/www.mdgf.it\/new\/wp-content\/uploads\/2026\/08\/pasta-pincinelle-chef-sfida-carote-1024x559.jpeg 1024w, https:\/\/www.mdgf.it\/new\/wp-content\/uploads\/2026\/08\/pasta-pincinelle-chef-sfida-carote-768x419.jpeg 768w, https:\/\/www.mdgf.it\/new\/wp-content\/uploads\/2026\/08\/pasta-pincinelle-chef-sfida-carote-600x327.jpeg 600w\" sizes=\"(max-width: 1408px) 100vw, 1408px\" \/><\/div>\n\t\t<div class=\"qodef-m-second-image\">\n\t<img decoding=\"async\" width=\"2048\" height=\"2560\" src=\"https:\/\/www.mdgf.it\/new\/wp-content\/uploads\/2026\/08\/sfidachef-post-fb-ig-2026-pincinella-scaled.jpg\" class=\"attachment-full size-full\" alt=\"\" srcset=\"https:\/\/www.mdgf.it\/new\/wp-content\/uploads\/2026\/08\/sfidachef-post-fb-ig-2026-pincinella-scaled.jpg 2048w, https:\/\/www.mdgf.it\/new\/wp-content\/uploads\/2026\/08\/sfidachef-post-fb-ig-2026-pincinella-240x300.jpg 240w, https:\/\/www.mdgf.it\/new\/wp-content\/uploads\/2026\/08\/sfidachef-post-fb-ig-2026-pincinella-819x1024.jpg 819w, https:\/\/www.mdgf.it\/new\/wp-content\/uploads\/2026\/08\/sfidachef-post-fb-ig-2026-pincinella-768x960.jpg 768w, https:\/\/www.mdgf.it\/new\/wp-content\/uploads\/2026\/08\/sfidachef-post-fb-ig-2026-pincinella-1229x1536.jpg 1229w, https:\/\/www.mdgf.it\/new\/wp-content\/uploads\/2026\/08\/sfidachef-post-fb-ig-2026-pincinella-1638x2048.jpg 1638w, https:\/\/www.mdgf.it\/new\/wp-content\/uploads\/2026\/08\/sfidachef-post-fb-ig-2026-pincinella-600x750.jpg 600w\" sizes=\"(max-width: 2048px) 100vw, 2048px\" \/><\/div>\n\t<\/div>\n<\/div>\n\t\t<\/div>\n\t\t\t\t<\/div>\n\t\t\t\t<\/div>\n\t\t\t\t<div class=\"elementor-element elementor-element-68bd1fb elementor-button-warning elementor-align-center elementor-widget__width-initial elementor-widget elementor-widget-button\" data-id=\"68bd1fb\" data-element_type=\"widget\" data-widget_type=\"button.default\">\n\t\t\t\t<div class=\"elementor-widget-container\">\n\t\t\t\t\t<div class=\"elementor-button-wrapper\">\n\t\t\t<a class=\"elementor-button elementor-button-link elementor-size-xl elementor-animation-pop\" href=\"https:\/\/marcheseeventi.web.app\/\">\n\t\t\t\t\t\t<span class=\"elementor-button-content-wrapper\">\n\t\t\t\t\t\t<span class=\"elementor-button-text\">PRENOTA QUI<\/span>\n\t\t<\/span>\n\t\t\t\t\t<\/a>\n\t\t<\/div>\n\t\t\t\t<\/div>\n\t\t\t\t<\/div>\n\t\t<div class=\"elementor-element elementor-element-daf9278 e-con-full e-flex e-con e-child\" data-id=\"daf9278\" data-element_type=\"container\" data-settings=\"{&quot;content_width&quot;:&quot;full&quot;}\">\n\t\t\t\t<div class=\"elementor-element elementor-element-4445065 elementor-widget elementor-widget-qi_addons_for_elementor_info_cards\" data-id=\"4445065\" data-element_type=\"widget\" data-widget_type=\"qi_addons_for_elementor_info_cards.default\">\n\t\t\t\t<div class=\"elementor-widget-container\">\n\t\t\t<div class=\"qodef-shortcode qodef-m  qodef-qi-info-cards qodef-layout--top qodef-link-overlay qodef--icon-pack\">\n\t\t\t<div class=\"qodef-m-icon-wrapper\">\n\t\t\t\t<a itemprop=\"url\" href=\"https:\/\/marcheseeventi.web.app\/\" target=\"_self\">\n\t\t<div class=\"qodef-m-icon-holder\">\n\t\t\t<svg aria-hidden=\"true\" class=\"e-font-icon-svg e-far-paper-plane\" viewBox=\"0 0 512 512\" xmlns=\"http:\/\/www.w3.org\/2000\/svg\"><path d=\"M440 6.5L24 246.4c-34.4 19.9-31.1 70.8 5.7 85.9L144 379.6V464c0 46.4 59.2 65.5 86.6 28.6l43.8-59.1 111.9 46.2c5.9 2.4 12.1 3.6 18.3 3.6 8.2 0 16.3-2.1 23.6-6.2 12.8-7.2 21.6-20 23.9-34.5l59.4-387.2c6.1-40.1-36.9-68.8-71.5-48.9zM192 464v-64.6l36.6 15.1L192 464zm212.6-28.7l-153.8-63.5L391 169.5c10.7-15.5-9.5-33.5-23.7-21.2L155.8 332.6 48 288 464 48l-59.4 387.3z\"><\/path><\/svg>\t\t<\/div>\n\t<\/a>\n\t\t<\/div>\n\t\t<div class=\"qodef-m-content\">\n\t\t\t<h5 class=\"qodef-m-subtitle\">\n\t\tPOSTI LIMITATI\t<\/h5>\n\t\t\t<h2 class=\"qodef-m-title\">\n\t\t\t\t\t<a itemprop=\"url\" href=\"https:\/\/marcheseeventi.web.app\/\" target=\"_self\">\n\t\t\t\t\tPRENOTA IL TUO POSTO\t\t\t\t\t<\/a>\n\t\t\t<\/h2>\n\t\t\t<p class=\"qodef-m-text\">Prenota il tuo posto e preparati ad assaggiare, confrontare e votare\n\ud83d\udcde 339 1349396\n -  iosoio@mdgf.it<\/p>\n\t<\/div>\n\t\t<div class=\"qodef-m-button qodef-qi-clear\">\n\t\t<a class=\"qodef-shortcode qodef-m  qodef-qi-button qodef-html--link qodef-layout--filled qodef-type--standard   qodef-icon--right qodef-hover--icon-move-horizontal-short     \" href=\"https:\/\/marcheseeventi.web.app\/\" target=\"_self\">\t<span class=\"qodef-m-text\">Click Here<\/span>\t<\/a>\t<\/div>\n\t\t\t<a class=\"qodef-m-link\" href=\"https:\/\/marcheseeventi.web.app\/\" target=\"_self\"><\/a>\n\t<\/div>\n\t\t<\/div>\n\t\t\t\t<\/div>\n\t\t\t\t<div class=\"elementor-element elementor-element-93e3cb7 elementor-button-warning elementor-align-center elementor-widget__width-initial elementor-widget elementor-widget-button\" data-id=\"93e3cb7\" data-element_type=\"widget\" data-widget_type=\"button.default\">\n\t\t\t\t<div class=\"elementor-widget-container\">\n\t\t\t\t\t<div class=\"elementor-button-wrapper\">\n\t\t\t<a class=\"elementor-button elementor-button-link elementor-size-xl elementor-animation-pop\" href=\"https:\/\/marcheseeventi.web.app\/\">\n\t\t\t\t\t\t<span class=\"elementor-button-content-wrapper\">\n\t\t\t\t\t\t<span class=\"elementor-button-text\">PRENOTA QUI<\/span>\n\t\t<\/span>\n\t\t\t\t\t<\/a>\n\t\t<\/div>\n\t\t\t\t<\/div>\n\t\t\t\t<\/div>\n\t\t\t\t<div class=\"elementor-element elementor-element-226bf72 elementor-widget elementor-widget-image\" data-id=\"226bf72\" data-element_type=\"widget\" data-widget_type=\"image.default\">\n\t\t\t\t<div class=\"elementor-widget-container\">\n\t\t\t<style>\/*! elementor - v3.19.0 - 07-02-2024 *\/\n.elementor-widget-image{text-align:center}.elementor-widget-image a{display:inline-block}.elementor-widget-image a img[src$=\".svg\"]{width:48px}.elementor-widget-image img{vertical-align:middle;display:inline-block}<\/style>\t\t\t\t\t\t\t\t\t\t<img decoding=\"async\" width=\"1080\" height=\"126\" src=\"https:\/\/www.mdgf.it\/new\/wp-content\/uploads\/2026\/08\/stringaloghi-mdgf-chef.jpg\" class=\"attachment-full size-full wp-image-11823\" alt=\"\" srcset=\"https:\/\/www.mdgf.it\/new\/wp-content\/uploads\/2026\/08\/stringaloghi-mdgf-chef.jpg 1080w, https:\/\/www.mdgf.it\/new\/wp-content\/uploads\/2026\/08\/stringaloghi-mdgf-chef-300x35.jpg 300w, https:\/\/www.mdgf.it\/new\/wp-content\/uploads\/2026\/08\/stringaloghi-mdgf-chef-1024x119.jpg 1024w, https:\/\/www.mdgf.it\/new\/wp-content\/uploads\/2026\/08\/stringaloghi-mdgf-chef-768x90.jpg 768w, https:\/\/www.mdgf.it\/new\/wp-content\/uploads\/2026\/08\/stringaloghi-mdgf-chef-600x70.jpg 600w\" sizes=\"(max-width: 1080px) 100vw, 1080px\" \/>\t\t\t\t\t\t\t\t\t\t\t\t\t<\/div>\n\t\t\t\t<\/div>\n\t\t\t\t<\/div>\n\t\t\t\t<div class=\"elementor-element elementor-element-b654917 elementor-widget-divider--view-line elementor-widget elementor-widget-divider\" data-id=\"b654917\" data-element_type=\"widget\" data-widget_type=\"divider.default\">\n\t\t\t\t<div class=\"elementor-widget-container\">\n\t\t\t<style>\/*! elementor - v3.19.0 - 07-02-2024 *\/\n.elementor-widget-divider{--divider-border-style:none;--divider-border-width:1px;--divider-color:#0c0d0e;--divider-icon-size:20px;--divider-element-spacing:10px;--divider-pattern-height:24px;--divider-pattern-size:20px;--divider-pattern-url:none;--divider-pattern-repeat:repeat-x}.elementor-widget-divider .elementor-divider{display:flex}.elementor-widget-divider .elementor-divider__text{font-size:15px;line-height:1;max-width:95%}.elementor-widget-divider .elementor-divider__element{margin:0 var(--divider-element-spacing);flex-shrink:0}.elementor-widget-divider .elementor-icon{font-size:var(--divider-icon-size)}.elementor-widget-divider .elementor-divider-separator{display:flex;margin:0;direction:ltr}.elementor-widget-divider--view-line_icon .elementor-divider-separator,.elementor-widget-divider--view-line_text .elementor-divider-separator{align-items:center}.elementor-widget-divider--view-line_icon .elementor-divider-separator:after,.elementor-widget-divider--view-line_icon .elementor-divider-separator:before,.elementor-widget-divider--view-line_text .elementor-divider-separator:after,.elementor-widget-divider--view-line_text .elementor-divider-separator:before{display:block;content:\"\";border-block-end:0;flex-grow:1;border-block-start:var(--divider-border-width) var(--divider-border-style) var(--divider-color)}.elementor-widget-divider--element-align-left .elementor-divider .elementor-divider-separator>.elementor-divider__svg:first-of-type{flex-grow:0;flex-shrink:100}.elementor-widget-divider--element-align-left .elementor-divider-separator:before{content:none}.elementor-widget-divider--element-align-left .elementor-divider__element{margin-left:0}.elementor-widget-divider--element-align-right .elementor-divider .elementor-divider-separator>.elementor-divider__svg:last-of-type{flex-grow:0;flex-shrink:100}.elementor-widget-divider--element-align-right .elementor-divider-separator:after{content:none}.elementor-widget-divider--element-align-right .elementor-divider__element{margin-right:0}.elementor-widget-divider--element-align-start .elementor-divider .elementor-divider-separator>.elementor-divider__svg:first-of-type{flex-grow:0;flex-shrink:100}.elementor-widget-divider--element-align-start .elementor-divider-separator:before{content:none}.elementor-widget-divider--element-align-start .elementor-divider__element{margin-inline-start:0}.elementor-widget-divider--element-align-end .elementor-divider .elementor-divider-separator>.elementor-divider__svg:last-of-type{flex-grow:0;flex-shrink:100}.elementor-widget-divider--element-align-end .elementor-divider-separator:after{content:none}.elementor-widget-divider--element-align-end .elementor-divider__element{margin-inline-end:0}.elementor-widget-divider:not(.elementor-widget-divider--view-line_text):not(.elementor-widget-divider--view-line_icon) .elementor-divider-separator{border-block-start:var(--divider-border-width) var(--divider-border-style) var(--divider-color)}.elementor-widget-divider--separator-type-pattern{--divider-border-style:none}.elementor-widget-divider--separator-type-pattern.elementor-widget-divider--view-line .elementor-divider-separator,.elementor-widget-divider--separator-type-pattern:not(.elementor-widget-divider--view-line) .elementor-divider-separator:after,.elementor-widget-divider--separator-type-pattern:not(.elementor-widget-divider--view-line) .elementor-divider-separator:before,.elementor-widget-divider--separator-type-pattern:not([class*=elementor-widget-divider--view]) .elementor-divider-separator{width:100%;min-height:var(--divider-pattern-height);-webkit-mask-size:var(--divider-pattern-size) 100%;mask-size:var(--divider-pattern-size) 100%;-webkit-mask-repeat:var(--divider-pattern-repeat);mask-repeat:var(--divider-pattern-repeat);background-color:var(--divider-color);-webkit-mask-image:var(--divider-pattern-url);mask-image:var(--divider-pattern-url)}.elementor-widget-divider--no-spacing{--divider-pattern-size:auto}.elementor-widget-divider--bg-round{--divider-pattern-repeat:round}.rtl .elementor-widget-divider .elementor-divider__text{direction:rtl}.e-con-inner>.elementor-widget-divider,.e-con>.elementor-widget-divider{width:var(--container-widget-width,100%);--flex-grow:var(--container-widget-flex-grow)}<\/style>\t\t<div class=\"elementor-divider\">\n\t\t\t<span class=\"elementor-divider-separator\">\n\t\t\t\t\t\t<\/span>\n\t\t<\/div>\n\t\t\t\t<\/div>\n\t\t\t\t<\/div>\n\t\t\t\t<div class=\"elementor-element elementor-element-82242ec elementor-widget elementor-widget-heading\" data-id=\"82242ec\" data-element_type=\"widget\" data-widget_type=\"heading.default\">\n\t\t\t\t<div class=\"elementor-widget-container\">\n\t\t\t<h1 class=\"elementor-heading-title elementor-size-default\">EVENTI PASSATI<\/h1>\t\t<\/div>\n\t\t\t\t<\/div>\n\t\t\t\t<div class=\"elementor-element elementor-element-b6aa074 elementor-widget-divider--view-line elementor-widget elementor-widget-divider\" data-id=\"b6aa074\" data-element_type=\"widget\" data-widget_type=\"divider.default\">\n\t\t\t\t<div class=\"elementor-widget-container\">\n\t\t\t\t\t<div class=\"elementor-divider\">\n\t\t\t<span class=\"elementor-divider-separator\">\n\t\t\t\t\t\t<\/span>\n\t\t<\/div>\n\t\t\t\t<\/div>\n\t\t\t\t<\/div>\n\t\t\t\t<div class=\"elementor-element elementor-element-890ace8 elementor-widget elementor-widget-image\" data-id=\"890ace8\" data-element_type=\"widget\" data-widget_type=\"image.default\">\n\t\t\t\t<div class=\"elementor-widget-container\">\n\t\t\t\t\t\t\t\t\t\t\t\t\t<img loading=\"lazy\" decoding=\"async\" width=\"1080\" height=\"390\" src=\"https:\/\/www.mdgf.it\/new\/wp-content\/uploads\/2026\/04\/compleanno-marchese-312-header-post.jpg\" class=\"attachment-full size-full wp-image-11660\" alt=\"\" srcset=\"https:\/\/www.mdgf.it\/new\/wp-content\/uploads\/2026\/04\/compleanno-marchese-312-header-post.jpg 1080w, https:\/\/www.mdgf.it\/new\/wp-content\/uploads\/2026\/04\/compleanno-marchese-312-header-post-300x108.jpg 300w, https:\/\/www.mdgf.it\/new\/wp-content\/uploads\/2026\/04\/compleanno-marchese-312-header-post-1024x370.jpg 1024w, https:\/\/www.mdgf.it\/new\/wp-content\/uploads\/2026\/04\/compleanno-marchese-312-header-post-768x277.jpg 768w, https:\/\/www.mdgf.it\/new\/wp-content\/uploads\/2026\/04\/compleanno-marchese-312-header-post-600x217.jpg 600w\" sizes=\"(max-width: 1080px) 100vw, 1080px\" \/>\t\t\t\t\t\t\t\t\t\t\t\t\t<\/div>\n\t\t\t\t<\/div>\n\t\t\t\t<div class=\"elementor-element elementor-element-e377878 elementor-widget elementor-widget-qi_addons_for_elementor_section_title\" data-id=\"e377878\" data-element_type=\"widget\" data-widget_type=\"qi_addons_for_elementor_section_title.default\">\n\t\t\t\t<div class=\"elementor-widget-container\">\n\t\t\t<div class=\"qodef-shortcode qodef-m  qodef-qi-section-title  qodef-decoration--italic  qodef-link--underline-draw qodef-subtitle-icon--left\">\n\t\t\t\t<h5 class=\"qodef-m-subtitle\">\n\t\tVENERD\u00ec 8, SABATO 9 e DOMENICA 10 MAGGIO 2026 - FABRIANO\t\t\t<\/h5>\n\t\t\t<h2 class=\"qodef-m-title\">\n\t\t312\u00b0 COMPLEANNO DEL MARCHESE ONOFRIO DEL GRILLO\t<\/h2>\n\t\t\t<div class=\"qodef-m-text\"><p style=\"text-align: center\">3 giornate di festa ed eventi<\/p><p>\u00a0<\/p><\/div>\n\t<\/div>\n\t\t<\/div>\n\t\t\t\t<\/div>\n\t\t\t\t<div class=\"elementor-element elementor-element-3cf4a10 elementor-widget elementor-widget-text-editor\" data-id=\"3cf4a10\" data-element_type=\"widget\" data-widget_type=\"text-editor.default\">\n\t\t\t\t<div class=\"elementor-widget-container\">\n\t\t\t\t\t\t\t<div><p style=\"text-align: center;\"><strong>VENERD\u00cc 8 MAGGIO &#8211; ore 20.00\u00a0<\/strong><\/p><\/div><div style=\"text-align: center;\"><p>UNA CENA DA MARCHESE MARCHESE DEL GRILLO<br \/>Presso il Relais Villa del Marchese del Grillo Fabriano, Cena spettacolo con Lando e Dino nella dimora prediletta di Onofrio costruita tra il 1771 e il 1774. Al termine taglio della torta e foto ricordo coi marchesi mantellati e socie olimpia.<\/p><\/div><div style=\"text-align: center;\"><div><em><strong>PER INFO: 0732 625690 &#8211; 339 1349396 &#8211; iosoio@mdgf.it<\/strong><\/em><\/div><\/div><div style=\"text-align: center;\">\u00a0<\/div>\t\t\t\t\t\t<\/div>\n\t\t\t\t<\/div>\n\t\t\t\t<div class=\"elementor-element elementor-element-1a1b3ce elementor-align-center elementor-widget elementor-widget-button\" data-id=\"1a1b3ce\" data-element_type=\"widget\" data-widget_type=\"button.default\">\n\t\t\t\t<div class=\"elementor-widget-container\">\n\t\t\t\t\t<div class=\"elementor-button-wrapper\">\n\t\t\t<a class=\"elementor-button elementor-button-link elementor-size-sm\" href=\"https:\/\/www.mdgf.it\/new\/311-compleanno-del-marchese\/\">\n\t\t\t\t\t\t<span class=\"elementor-button-content-wrapper\">\n\t\t\t\t\t\t<span class=\"elementor-button-text\">Guarda le foto della serata<\/span>\n\t\t<\/span>\n\t\t\t\t\t<\/a>\n\t\t<\/div>\n\t\t\t\t<\/div>\n\t\t\t\t<\/div>\n\t\t\t\t<div class=\"elementor-element elementor-element-0054be6 elementor-widget-divider--view-line elementor-widget elementor-widget-divider\" data-id=\"0054be6\" data-element_type=\"widget\" data-widget_type=\"divider.default\">\n\t\t\t\t<div class=\"elementor-widget-container\">\n\t\t\t\t\t<div class=\"elementor-divider\">\n\t\t\t<span class=\"elementor-divider-separator\">\n\t\t\t\t\t\t<\/span>\n\t\t<\/div>\n\t\t\t\t<\/div>\n\t\t\t\t<\/div>\n\t\t\t\t<div class=\"elementor-element elementor-element-a6abc64 elementor-widget elementor-widget-text-editor\" data-id=\"a6abc64\" data-element_type=\"widget\" data-widget_type=\"text-editor.default\">\n\t\t\t\t<div class=\"elementor-widget-container\">\n\t\t\t\t\t\t\t<div><p style=\"text-align: center;\"><strong>SABATO 9 MAGGIO\u00a0<\/strong><\/p><\/div><div style=\"text-align: center;\"><p><strong>Ore 10.30<br \/>Piazza della Cattedrale.<\/strong><br \/><strong>VISITA TEATRALIZZATA AI LUOGHI DEL MARCHESE DEL GRILLO.<\/strong><br \/>Il gruppo sar\u00e0 accompagnato da una guida alla presenza di un attore professionista. Il percorso avr\u00e0 la durata di circa un&#8217;ora e mezza e terminer\u00e0 a Palazzo del Grillo con brindisi finale.<\/p><p><strong>Ore<\/strong> <strong>16.00<br \/>Piazza della Cattedrale.<br \/>TOUR GUIDATO AI LUOGHI DEL MARCHESE DEL GRILLO.<br \/><\/strong>Il gruppo sar\u00e0 accompagnato da guida professionista. Il percorso avr\u00e0 la durata di circa un&#8217;ora e mezza e terminer\u00e0 a Palazzo del Grillo con brindisi finale.<\/p><\/div><div style=\"text-align: center;\">\u00a0<\/div><div><div style=\"text-align: center;\"><em><strong>PER INFO: 0732 625690 &#8211; 339 1349396 &#8211; iosoio@mdgf.it<\/strong><\/em><\/div><\/div>\t\t\t\t\t\t<\/div>\n\t\t\t\t<\/div>\n\t\t\t\t<div class=\"elementor-element elementor-element-e3b5840 elementor-widget__width-auto elementor-widget elementor-widget-qi_addons_for_elementor_image_gallery\" data-id=\"e3b5840\" data-element_type=\"widget\" data-widget_type=\"qi_addons_for_elementor_image_gallery.default\">\n\t\t\t\t<div class=\"elementor-widget-container\">\n\t\t\t<div class=\"qodef-shortcode qodef-m  qodef-qi-image-gallery qodef-qi-fslightbox-popup qodef-popup-gallery qodef-image--hover-zoom  qodef-qi-grid qodef-layout--qi-columns  qodef-col-num--3   qodef-responsive--predefined\">\n\t<div class=\"qodef-grid-inner\">\n\t\t\t<\/div>\n<\/div>\n\t\t<\/div>\n\t\t\t\t<\/div>\n\t\t\t\t<div class=\"elementor-element elementor-element-f587807 elementor-widget-divider--view-line elementor-widget elementor-widget-divider\" data-id=\"f587807\" data-element_type=\"widget\" data-widget_type=\"divider.default\">\n\t\t\t\t<div class=\"elementor-widget-container\">\n\t\t\t\t\t<div class=\"elementor-divider\">\n\t\t\t<span class=\"elementor-divider-separator\">\n\t\t\t\t\t\t<\/span>\n\t\t<\/div>\n\t\t\t\t<\/div>\n\t\t\t\t<\/div>\n\t\t\t\t<div class=\"elementor-element elementor-element-8a541e3 elementor-widget elementor-widget-text-editor\" data-id=\"8a541e3\" data-element_type=\"widget\" data-widget_type=\"text-editor.default\">\n\t\t\t\t<div class=\"elementor-widget-container\">\n\t\t\t\t\t\t\t<div><p style=\"text-align: center;\"><strong>DOMENICA 10 MAGGIO\u00a0<\/strong><\/p><\/div><div><p style=\"text-align: center;\"><strong>Ore 17.00<br \/>Palazzo del Grillo, Piazzetta del Podest\u00e0 n.8. SCOPERTURA DELLA TARGA &#8220;LUOGO DEL CUORE FAI&#8221;.<br \/><\/strong>Brindisi con i vini del Marchese offerto a tutti i presenti.<br \/><strong>Ore 18.15<br \/>Cattedrale San Venanzio, luogo di sepoltura di Onofrio del Grillo.<\/strong><br \/><strong>SANTA MESSA SOLENNE<\/strong> con la partecipazione dei soci marchesi mantellati e socie olimpia.<\/p><p style=\"text-align: center;\"><em><strong>Info e prenotazioni 3513506767 &#8211; iosoio@mdgf.it<\/strong><\/em><\/p><\/div>\t\t\t\t\t\t<\/div>\n\t\t\t\t<\/div>\n\t\t\t\t<div class=\"elementor-element elementor-element-580c586 elementor-widget elementor-widget-image\" data-id=\"580c586\" data-element_type=\"widget\" data-widget_type=\"image.default\">\n\t\t\t\t<div class=\"elementor-widget-container\">\n\t\t\t\t\t\t\t\t\t\t\t\t\t\t<a href=\"https:\/\/www.mdgf.it\/new\/wp-content\/uploads\/2026\/05\/compleanno-marchese-312-B.jpg\" data-elementor-open-lightbox=\"yes\" data-elementor-lightbox-title=\"compleanno marchese 312 B\" data-e-action-hash=\"#elementor-action%3Aaction%3Dlightbox%26settings%3DeyJpZCI6MTE2NzQsInVybCI6Imh0dHBzOlwvXC93d3cubWRnZi5pdFwvbmV3XC93cC1jb250ZW50XC91cGxvYWRzXC8yMDI2XC8wNVwvY29tcGxlYW5uby1tYXJjaGVzZS0zMTItQi5qcGcifQ%3D%3D\">\n\t\t\t\t\t\t\t<img loading=\"lazy\" decoding=\"async\" width=\"150\" height=\"150\" src=\"https:\/\/www.mdgf.it\/new\/wp-content\/uploads\/2026\/05\/compleanno-marchese-312-B-150x150.jpg\" class=\"attachment-thumbnail size-thumbnail wp-image-11674\" alt=\"\" srcset=\"https:\/\/www.mdgf.it\/new\/wp-content\/uploads\/2026\/05\/compleanno-marchese-312-B-150x150.jpg 150w, https:\/\/www.mdgf.it\/new\/wp-content\/uploads\/2026\/05\/compleanno-marchese-312-B-650x650.jpg 650w, https:\/\/www.mdgf.it\/new\/wp-content\/uploads\/2026\/05\/compleanno-marchese-312-B-300x300.jpg 300w, https:\/\/www.mdgf.it\/new\/wp-content\/uploads\/2026\/05\/compleanno-marchese-312-B-100x100.jpg 100w\" sizes=\"(max-width: 150px) 100vw, 150px\" \/>\t\t\t\t\t\t\t\t<\/a>\n\t\t\t\t\t\t\t\t\t\t\t\t\t<\/div>\n\t\t\t\t<\/div>\n\t\t\t\t<\/div>\n\t\t<div class=\"elementor-element elementor-element-91126fb e-flex e-con-boxed e-con e-parent\" data-id=\"91126fb\" data-element_type=\"container\" data-settings=\"{&quot;content_width&quot;:&quot;boxed&quot;}\" data-core-v316-plus=\"true\">\n\t\t\t\t\t<div class=\"e-con-inner\">\n\t\t<div class=\"elementor-element elementor-element-9e15e83 e-con-full e-flex e-con e-child\" data-id=\"9e15e83\" data-element_type=\"container\" data-settings=\"{&quot;content_width&quot;:&quot;full&quot;}\">\n\t\t\t\t<div class=\"elementor-element elementor-element-168c183 elementor-widget elementor-widget-image\" data-id=\"168c183\" data-element_type=\"widget\" data-widget_type=\"image.default\">\n\t\t\t\t<div class=\"elementor-widget-container\">\n\t\t\t\t\t\t\t\t\t\t\t\t\t<img loading=\"lazy\" decoding=\"async\" width=\"768\" height=\"381\" src=\"https:\/\/www.mdgf.it\/new\/wp-content\/uploads\/2025\/08\/grafiche-merchandising-Mdgf-1-768x381.jpg\" class=\"attachment-medium_large size-medium_large wp-image-11629\" alt=\"\" srcset=\"https:\/\/www.mdgf.it\/new\/wp-content\/uploads\/2025\/08\/grafiche-merchandising-Mdgf-1-768x381.jpg 768w, https:\/\/www.mdgf.it\/new\/wp-content\/uploads\/2025\/08\/grafiche-merchandising-Mdgf-1-300x149.jpg 300w, https:\/\/www.mdgf.it\/new\/wp-content\/uploads\/2025\/08\/grafiche-merchandising-Mdgf-1-1024x509.jpg 1024w, https:\/\/www.mdgf.it\/new\/wp-content\/uploads\/2025\/08\/grafiche-merchandising-Mdgf-1-600x298.jpg 600w, https:\/\/www.mdgf.it\/new\/wp-content\/uploads\/2025\/08\/grafiche-merchandising-Mdgf-1.jpg 1524w\" sizes=\"(max-width: 768px) 100vw, 768px\" \/>\t\t\t\t\t\t\t\t\t\t\t\t\t<\/div>\n\t\t\t\t<\/div>\n\t\t\t\t<div class=\"elementor-element elementor-element-aab3818 elementor-widget elementor-widget-image\" data-id=\"aab3818\" data-element_type=\"widget\" data-widget_type=\"image.default\">\n\t\t\t\t<div class=\"elementor-widget-container\">\n\t\t\t\t\t\t\t\t\t\t\t\t\t<img loading=\"lazy\" decoding=\"async\" width=\"768\" height=\"960\" src=\"https:\/\/www.mdgf.it\/new\/wp-content\/uploads\/2025\/08\/post-1080x1350px-Mdgf-LOCATION6-768x960.jpg\" class=\"attachment-medium_large size-medium_large wp-image-11628\" alt=\"\" srcset=\"https:\/\/www.mdgf.it\/new\/wp-content\/uploads\/2025\/08\/post-1080x1350px-Mdgf-LOCATION6-768x960.jpg 768w, https:\/\/www.mdgf.it\/new\/wp-content\/uploads\/2025\/08\/post-1080x1350px-Mdgf-LOCATION6-240x300.jpg 240w, https:\/\/www.mdgf.it\/new\/wp-content\/uploads\/2025\/08\/post-1080x1350px-Mdgf-LOCATION6-819x1024.jpg 819w, https:\/\/www.mdgf.it\/new\/wp-content\/uploads\/2025\/08\/post-1080x1350px-Mdgf-LOCATION6-1229x1536.jpg 1229w, https:\/\/www.mdgf.it\/new\/wp-content\/uploads\/2025\/08\/post-1080x1350px-Mdgf-LOCATION6-1638x2048.jpg 1638w, https:\/\/www.mdgf.it\/new\/wp-content\/uploads\/2025\/08\/post-1080x1350px-Mdgf-LOCATION6-600x750.jpg 600w, https:\/\/www.mdgf.it\/new\/wp-content\/uploads\/2025\/08\/post-1080x1350px-Mdgf-LOCATION6-scaled.jpg 2048w\" sizes=\"(max-width: 768px) 100vw, 768px\" \/>\t\t\t\t\t\t\t\t\t\t\t\t\t<\/div>\n\t\t\t\t<\/div>\n\t\t\t\t<\/div>\n\t\t<div class=\"elementor-element elementor-element-79babbe e-con-full e-flex e-con e-child\" data-id=\"79babbe\" data-element_type=\"container\" data-settings=\"{&quot;content_width&quot;:&quot;full&quot;}\">\n\t\t\t\t<div class=\"elementor-element elementor-element-e7a599f elementor-widget elementor-widget-image\" data-id=\"e7a599f\" data-element_type=\"widget\" data-widget_type=\"image.default\">\n\t\t\t\t<div class=\"elementor-widget-container\">\n\t\t\t\t\t\t\t\t\t\t\t\t\t<img loading=\"lazy\" decoding=\"async\" width=\"768\" height=\"768\" src=\"https:\/\/www.mdgf.it\/new\/wp-content\/uploads\/2025\/04\/aperitivo-birra-25-01-768x768.jpg\" class=\"attachment-medium_large size-medium_large wp-image-11537\" alt=\"\" srcset=\"https:\/\/www.mdgf.it\/new\/wp-content\/uploads\/2025\/04\/aperitivo-birra-25-01-768x768.jpg 768w, https:\/\/www.mdgf.it\/new\/wp-content\/uploads\/2025\/04\/aperitivo-birra-25-01-300x300.jpg 300w, https:\/\/www.mdgf.it\/new\/wp-content\/uploads\/2025\/04\/aperitivo-birra-25-01-150x150.jpg 150w, https:\/\/www.mdgf.it\/new\/wp-content\/uploads\/2025\/04\/aperitivo-birra-25-01-650x650.jpg 650w, https:\/\/www.mdgf.it\/new\/wp-content\/uploads\/2025\/04\/aperitivo-birra-25-01-600x600.jpg 600w, https:\/\/www.mdgf.it\/new\/wp-content\/uploads\/2025\/04\/aperitivo-birra-25-01-100x100.jpg 100w, https:\/\/www.mdgf.it\/new\/wp-content\/uploads\/2025\/04\/aperitivo-birra-25-01.jpg 834w\" sizes=\"(max-width: 768px) 100vw, 768px\" \/>\t\t\t\t\t\t\t\t\t\t\t\t\t<\/div>\n\t\t\t\t<\/div>\n\t\t\t\t<div class=\"elementor-element elementor-element-5a621a3 elementor-widget elementor-widget-image\" data-id=\"5a621a3\" data-element_type=\"widget\" data-widget_type=\"image.default\">\n\t\t\t\t<div class=\"elementor-widget-container\">\n\t\t\t\t\t\t\t\t\t\t\t\t\t<img loading=\"lazy\" decoding=\"async\" width=\"768\" height=\"772\" src=\"https:\/\/www.mdgf.it\/new\/wp-content\/uploads\/2025\/04\/aperitivo31gennaio2025-768x772.jpg\" class=\"attachment-medium_large size-medium_large wp-image-11536\" alt=\"\" srcset=\"https:\/\/www.mdgf.it\/new\/wp-content\/uploads\/2025\/04\/aperitivo31gennaio2025-768x772.jpg 768w, https:\/\/www.mdgf.it\/new\/wp-content\/uploads\/2025\/04\/aperitivo31gennaio2025-298x300.jpg 298w, https:\/\/www.mdgf.it\/new\/wp-content\/uploads\/2025\/04\/aperitivo31gennaio2025-1018x1024.jpg 1018w, https:\/\/www.mdgf.it\/new\/wp-content\/uploads\/2025\/04\/aperitivo31gennaio2025-150x150.jpg 150w, https:\/\/www.mdgf.it\/new\/wp-content\/uploads\/2025\/04\/aperitivo31gennaio2025-600x603.jpg 600w, https:\/\/www.mdgf.it\/new\/wp-content\/uploads\/2025\/04\/aperitivo31gennaio2025-100x100.jpg 100w, https:\/\/www.mdgf.it\/new\/wp-content\/uploads\/2025\/04\/aperitivo31gennaio2025.jpg 1100w\" sizes=\"(max-width: 768px) 100vw, 768px\" \/>\t\t\t\t\t\t\t\t\t\t\t\t\t<\/div>\n\t\t\t\t<\/div>\n\t\t\t\t<\/div>\n\t\t<div class=\"elementor-element elementor-element-fd29c85 e-con-full e-flex e-con e-child\" data-id=\"fd29c85\" data-element_type=\"container\" data-settings=\"{&quot;content_width&quot;:&quot;full&quot;}\">\n\t\t\t\t<div class=\"elementor-element elementor-element-44f21c2 elementor-widget elementor-widget-image\" data-id=\"44f21c2\" data-element_type=\"widget\" data-widget_type=\"image.default\">\n\t\t\t\t<div class=\"elementor-widget-container\">\n\t\t\t\t\t\t\t\t\t\t\t\t\t<img loading=\"lazy\" decoding=\"async\" width=\"768\" height=\"1075\" src=\"https:\/\/www.mdgf.it\/new\/wp-content\/uploads\/2025\/04\/Marchese-Onofrio-Del-Grillo-Fabriano-768x1075.jpg\" class=\"attachment-medium_large size-medium_large wp-image-11598\" alt=\"311 compleanno del Marchese Onofrio Del Grillo Fabriano\" srcset=\"https:\/\/www.mdgf.it\/new\/wp-content\/uploads\/2025\/04\/Marchese-Onofrio-Del-Grillo-Fabriano-768x1075.jpg 768w, https:\/\/www.mdgf.it\/new\/wp-content\/uploads\/2025\/04\/Marchese-Onofrio-Del-Grillo-Fabriano-214x300.jpg 214w, https:\/\/www.mdgf.it\/new\/wp-content\/uploads\/2025\/04\/Marchese-Onofrio-Del-Grillo-Fabriano-731x1024.jpg 731w, https:\/\/www.mdgf.it\/new\/wp-content\/uploads\/2025\/04\/Marchese-Onofrio-Del-Grillo-Fabriano-1097x1536.jpg 1097w, https:\/\/www.mdgf.it\/new\/wp-content\/uploads\/2025\/04\/Marchese-Onofrio-Del-Grillo-Fabriano-1463x2048.jpg 1463w, https:\/\/www.mdgf.it\/new\/wp-content\/uploads\/2025\/04\/Marchese-Onofrio-Del-Grillo-Fabriano-600x840.jpg 600w, https:\/\/www.mdgf.it\/new\/wp-content\/uploads\/2025\/04\/Marchese-Onofrio-Del-Grillo-Fabriano-scaled.jpg 1829w\" sizes=\"(max-width: 768px) 100vw, 768px\" \/>\t\t\t\t\t\t\t\t\t\t\t\t\t<\/div>\n\t\t\t\t<\/div>\n\t\t\t\t<div class=\"elementor-element elementor-element-901d1a7 elementor-widget elementor-widget-image\" data-id=\"901d1a7\" data-element_type=\"widget\" data-widget_type=\"image.default\">\n\t\t\t\t<div class=\"elementor-widget-container\">\n\t\t\t\t\t\t\t\t\t\t\t\t\t<img loading=\"lazy\" decoding=\"async\" width=\"768\" height=\"768\" src=\"https:\/\/www.mdgf.it\/new\/wp-content\/uploads\/2025\/04\/nonna-rina-assemblea_Tavola-disegno-1-768x768.jpg\" class=\"attachment-medium_large size-medium_large wp-image-11532\" alt=\"\" srcset=\"https:\/\/www.mdgf.it\/new\/wp-content\/uploads\/2025\/04\/nonna-rina-assemblea_Tavola-disegno-1-768x768.jpg 768w, https:\/\/www.mdgf.it\/new\/wp-content\/uploads\/2025\/04\/nonna-rina-assemblea_Tavola-disegno-1-300x300.jpg 300w, https:\/\/www.mdgf.it\/new\/wp-content\/uploads\/2025\/04\/nonna-rina-assemblea_Tavola-disegno-1-1024x1024.jpg 1024w, https:\/\/www.mdgf.it\/new\/wp-content\/uploads\/2025\/04\/nonna-rina-assemblea_Tavola-disegno-1-150x150.jpg 150w, https:\/\/www.mdgf.it\/new\/wp-content\/uploads\/2025\/04\/nonna-rina-assemblea_Tavola-disegno-1-1536x1536.jpg 1536w, https:\/\/www.mdgf.it\/new\/wp-content\/uploads\/2025\/04\/nonna-rina-assemblea_Tavola-disegno-1-2048x2048.jpg 2048w, https:\/\/www.mdgf.it\/new\/wp-content\/uploads\/2025\/04\/nonna-rina-assemblea_Tavola-disegno-1-650x650.jpg 650w, https:\/\/www.mdgf.it\/new\/wp-content\/uploads\/2025\/04\/nonna-rina-assemblea_Tavola-disegno-1-1300x1300.jpg 1300w, https:\/\/www.mdgf.it\/new\/wp-content\/uploads\/2025\/04\/nonna-rina-assemblea_Tavola-disegno-1-600x600.jpg 600w, https:\/\/www.mdgf.it\/new\/wp-content\/uploads\/2025\/04\/nonna-rina-assemblea_Tavola-disegno-1-100x100.jpg 100w\" sizes=\"(max-width: 768px) 100vw, 768px\" \/>\t\t\t\t\t\t\t\t\t\t\t\t\t<\/div>\n\t\t\t\t<\/div>\n\t\t\t\t<\/div>\n\t\t<div class=\"elementor-element elementor-element-39d78f0 e-con-full e-flex e-con e-child\" data-id=\"39d78f0\" data-element_type=\"container\" data-settings=\"{&quot;content_width&quot;:&quot;full&quot;}\">\n\t\t\t\t<div class=\"elementor-element elementor-element-dfa08b4 elementor-widget elementor-widget-image\" data-id=\"dfa08b4\" data-element_type=\"widget\" data-widget_type=\"image.default\">\n\t\t\t\t<div class=\"elementor-widget-container\">\n\t\t\t\t\t\t\t\t\t\t\t\t\t<img loading=\"lazy\" decoding=\"async\" width=\"768\" height=\"768\" src=\"https:\/\/www.mdgf.it\/new\/wp-content\/uploads\/2025\/04\/nonna-rina-assemblea_Tavola-disegno-1-copia-768x768.jpg\" class=\"attachment-medium_large size-medium_large wp-image-11531\" alt=\"\" srcset=\"https:\/\/www.mdgf.it\/new\/wp-content\/uploads\/2025\/04\/nonna-rina-assemblea_Tavola-disegno-1-copia-768x768.jpg 768w, https:\/\/www.mdgf.it\/new\/wp-content\/uploads\/2025\/04\/nonna-rina-assemblea_Tavola-disegno-1-copia-300x300.jpg 300w, https:\/\/www.mdgf.it\/new\/wp-content\/uploads\/2025\/04\/nonna-rina-assemblea_Tavola-disegno-1-copia-1024x1024.jpg 1024w, https:\/\/www.mdgf.it\/new\/wp-content\/uploads\/2025\/04\/nonna-rina-assemblea_Tavola-disegno-1-copia-150x150.jpg 150w, https:\/\/www.mdgf.it\/new\/wp-content\/uploads\/2025\/04\/nonna-rina-assemblea_Tavola-disegno-1-copia-1536x1536.jpg 1536w, https:\/\/www.mdgf.it\/new\/wp-content\/uploads\/2025\/04\/nonna-rina-assemblea_Tavola-disegno-1-copia-2048x2048.jpg 2048w, https:\/\/www.mdgf.it\/new\/wp-content\/uploads\/2025\/04\/nonna-rina-assemblea_Tavola-disegno-1-copia-650x650.jpg 650w, https:\/\/www.mdgf.it\/new\/wp-content\/uploads\/2025\/04\/nonna-rina-assemblea_Tavola-disegno-1-copia-1300x1300.jpg 1300w, https:\/\/www.mdgf.it\/new\/wp-content\/uploads\/2025\/04\/nonna-rina-assemblea_Tavola-disegno-1-copia-600x600.jpg 600w, https:\/\/www.mdgf.it\/new\/wp-content\/uploads\/2025\/04\/nonna-rina-assemblea_Tavola-disegno-1-copia-100x100.jpg 100w\" sizes=\"(max-width: 768px) 100vw, 768px\" \/>\t\t\t\t\t\t\t\t\t\t\t\t\t<\/div>\n\t\t\t\t<\/div>\n\t\t\t\t<\/div>\n\t\t<div class=\"elementor-element elementor-element-6237d50 e-con-full e-flex e-con e-child\" data-id=\"6237d50\" data-element_type=\"container\" data-settings=\"{&quot;content_width&quot;:&quot;full&quot;}\">\n\t\t\t\t<div class=\"elementor-element elementor-element-2dda992 elementor-widget elementor-widget-image\" data-id=\"2dda992\" data-element_type=\"widget\" data-widget_type=\"image.default\">\n\t\t\t\t<div class=\"elementor-widget-container\">\n\t\t\t\t\t\t\t\t\t\t\t\t\t<img loading=\"lazy\" decoding=\"async\" width=\"1024\" height=\"1024\" src=\"https:\/\/www.mdgf.it\/new\/wp-content\/uploads\/2025\/04\/nonna-rina-assemblea_Tavola-disegno-1-copia-3-1024x1024.jpg\" class=\"attachment-large size-large wp-image-11530\" alt=\"\" srcset=\"https:\/\/www.mdgf.it\/new\/wp-content\/uploads\/2025\/04\/nonna-rina-assemblea_Tavola-disegno-1-copia-3-1024x1024.jpg 1024w, https:\/\/www.mdgf.it\/new\/wp-content\/uploads\/2025\/04\/nonna-rina-assemblea_Tavola-disegno-1-copia-3-300x300.jpg 300w, https:\/\/www.mdgf.it\/new\/wp-content\/uploads\/2025\/04\/nonna-rina-assemblea_Tavola-disegno-1-copia-3-150x150.jpg 150w, https:\/\/www.mdgf.it\/new\/wp-content\/uploads\/2025\/04\/nonna-rina-assemblea_Tavola-disegno-1-copia-3-768x768.jpg 768w, https:\/\/www.mdgf.it\/new\/wp-content\/uploads\/2025\/04\/nonna-rina-assemblea_Tavola-disegno-1-copia-3-1536x1536.jpg 1536w, https:\/\/www.mdgf.it\/new\/wp-content\/uploads\/2025\/04\/nonna-rina-assemblea_Tavola-disegno-1-copia-3-2048x2048.jpg 2048w, https:\/\/www.mdgf.it\/new\/wp-content\/uploads\/2025\/04\/nonna-rina-assemblea_Tavola-disegno-1-copia-3-650x650.jpg 650w, https:\/\/www.mdgf.it\/new\/wp-content\/uploads\/2025\/04\/nonna-rina-assemblea_Tavola-disegno-1-copia-3-1300x1300.jpg 1300w, https:\/\/www.mdgf.it\/new\/wp-content\/uploads\/2025\/04\/nonna-rina-assemblea_Tavola-disegno-1-copia-3-600x600.jpg 600w, https:\/\/www.mdgf.it\/new\/wp-content\/uploads\/2025\/04\/nonna-rina-assemblea_Tavola-disegno-1-copia-3-100x100.jpg 100w\" sizes=\"(max-width: 1024px) 100vw, 1024px\" \/>\t\t\t\t\t\t\t\t\t\t\t\t\t<\/div>\n\t\t\t\t<\/div>\n\t\t\t\t<\/div>\n\t\t<div class=\"elementor-element elementor-element-73c1b67 e-con-full e-flex e-con e-child\" data-id=\"73c1b67\" data-element_type=\"container\" data-settings=\"{&quot;content_width&quot;:&quot;full&quot;}\">\n\t\t\t\t<div class=\"elementor-element elementor-element-22d160f elementor-widget elementor-widget-image\" data-id=\"22d160f\" data-element_type=\"widget\" data-widget_type=\"image.default\">\n\t\t\t\t<div class=\"elementor-widget-container\">\n\t\t\t\t\t\t\t\t\t\t\t\t\t<img loading=\"lazy\" decoding=\"async\" width=\"834\" height=\"834\" src=\"https:\/\/www.mdgf.it\/new\/wp-content\/uploads\/2025\/04\/BUONNATALE2024-01.jpg\" class=\"attachment-large size-large wp-image-11535\" alt=\"\" srcset=\"https:\/\/www.mdgf.it\/new\/wp-content\/uploads\/2025\/04\/BUONNATALE2024-01.jpg 834w, https:\/\/www.mdgf.it\/new\/wp-content\/uploads\/2025\/04\/BUONNATALE2024-01-300x300.jpg 300w, https:\/\/www.mdgf.it\/new\/wp-content\/uploads\/2025\/04\/BUONNATALE2024-01-150x150.jpg 150w, https:\/\/www.mdgf.it\/new\/wp-content\/uploads\/2025\/04\/BUONNATALE2024-01-768x768.jpg 768w, https:\/\/www.mdgf.it\/new\/wp-content\/uploads\/2025\/04\/BUONNATALE2024-01-650x650.jpg 650w, https:\/\/www.mdgf.it\/new\/wp-content\/uploads\/2025\/04\/BUONNATALE2024-01-600x600.jpg 600w, https:\/\/www.mdgf.it\/new\/wp-content\/uploads\/2025\/04\/BUONNATALE2024-01-100x100.jpg 100w\" sizes=\"(max-width: 834px) 100vw, 834px\" \/>\t\t\t\t\t\t\t\t\t\t\t\t\t<\/div>\n\t\t\t\t<\/div>\n\t\t\t\t<\/div>\n\t\t\t\t\t<\/div>\n\t\t\t\t<\/div>\n\t\t<div class=\"elementor-element elementor-element-b957105 e-flex e-con-boxed e-con e-parent\" data-id=\"b957105\" data-element_type=\"container\" data-settings=\"{&quot;content_width&quot;:&quot;boxed&quot;}\" data-core-v316-plus=\"true\">\n\t\t\t\t\t<div class=\"e-con-inner\">\n\t\t\t\t<div class=\"elementor-element elementor-element-080622d elementor-widget elementor-widget-qi_addons_for_elementor_section_title\" data-id=\"080622d\" data-element_type=\"widget\" data-widget_type=\"qi_addons_for_elementor_section_title.default\">\n\t\t\t\t<div class=\"elementor-widget-container\">\n\t\t\t<div class=\"qodef-shortcode qodef-m  qodef-qi-section-title  qodef-decoration--italic  qodef-link--underline-draw qodef-subtitle-icon--left\">\n\t\t\t\t<h5 class=\"qodef-m-subtitle\">\n\t\tSABATO 4 MAGGIO E DOMENICA 5 MAGGIO 2024\t\t\t<\/h5>\n\t\t\t<h2 class=\"qodef-m-title\">\n\t\t310\u00b0 COMPLEANNO DEL MARCHESE ONOFRIO DEL GRILLO\t<\/h2>\n\t\t\t<div class=\"qodef-m-text\"><p style=\"text-align: center\">2 giornate di festa ed approfondimenti<\/p><\/div>\n\t<\/div>\n\t\t<\/div>\n\t\t\t\t<\/div>\n\t\t\t\t<div class=\"elementor-element elementor-element-44e5187 elementor-invisible elementor-widget elementor-widget-qi_addons_for_elementor_dual_image_with_content\" data-id=\"44e5187\" data-element_type=\"widget\" data-settings=\"{&quot;_animation&quot;:&quot;slideInLeft&quot;,&quot;_animation_delay&quot;:0}\" data-widget_type=\"qi_addons_for_elementor_dual_image_with_content.default\">\n\t\t\t\t<div class=\"elementor-widget-container\">\n\t\t\t<div class=\"qodef-shortcode qodef-m  qodef-qi-dual-image-with-content qodef--content-left qodef-decoration--italic qodef-link--underline-draw qodef-qi--has-appear \">\n\t<div class=\"qodef-dual-content\">\n\t\t<div class=\"qodef-m-inner-content\">\n\t\t\t\t<h2 class=\"qodef-m-title\">\n\t\tPresentazione a Roma: 310 anni dalla nascita di Onofrio Del Grillo\t<\/h2>\n\t\t\t\t<p class=\"qodef-m-text\">Luned\u00ec 22 aprile, ore 18.00\n<br>\nPio Sodalizio dei Piceni, S. Salvatore in Lauro 15, Roma\n<\/p>\n\t\t<\/div>\n\t\t<div class=\"qodef-m-inner-bottom\">\n\t\t\t\t\t<\/div>\n\t<\/div>\n\t<div class=\"qodef-image-holder\">\n\t\t<div class=\"qodef-m-main-image\">\n\t<img loading=\"lazy\" decoding=\"async\" width=\"650\" height=\"650\" src=\"https:\/\/www.mdgf.it\/new\/wp-content\/uploads\/2024\/04\/fari-650x650.jpeg\" class=\"attachment-qi_addons_for_elementor_image_size_square size-qi_addons_for_elementor_image_size_square\" alt=\"\" srcset=\"https:\/\/www.mdgf.it\/new\/wp-content\/uploads\/2024\/04\/fari-650x650.jpeg 650w, https:\/\/www.mdgf.it\/new\/wp-content\/uploads\/2024\/04\/fari-150x150.jpeg 150w, https:\/\/www.mdgf.it\/new\/wp-content\/uploads\/2024\/04\/fari-300x300.jpeg 300w, https:\/\/www.mdgf.it\/new\/wp-content\/uploads\/2024\/04\/fari-100x100.jpeg 100w\" sizes=\"(max-width: 650px) 100vw, 650px\" \/><\/div>\n\t\t<div class=\"qodef-m-second-image\">\n\t<img loading=\"lazy\" decoding=\"async\" src=\"https:\/\/www.mdgf.it\/new\/wp-content\/uploads\/2024\/02\/StemmaMarchesedelGrillo_Tavola-disegno-1-copia-3x4.png\" alt=\"\" width=\"3\" height=\"4\" \/><\/div>\n\t<\/div>\n<\/div>\n\t\t<\/div>\n\t\t\t\t<\/div>\n\t\t\t\t<div class=\"elementor-element elementor-element-05ba292 elementor-align-center elementor-widget elementor-widget-button\" data-id=\"05ba292\" data-element_type=\"widget\" data-widget_type=\"button.default\">\n\t\t\t\t<div class=\"elementor-widget-container\">\n\t\t\t\t\t<div class=\"elementor-button-wrapper\">\n\t\t\t<a class=\"elementor-button elementor-button-link elementor-size-md\" href=\"https:\/\/www.mdgf.it\/new\/wp-content\/uploads\/2024\/04\/fari.jpeg\" target=\"_blank\">\n\t\t\t\t\t\t<span class=\"elementor-button-content-wrapper\">\n\t\t\t\t\t\t<span class=\"elementor-button-text\">visualizza il programma completo qui<\/span>\n\t\t<\/span>\n\t\t\t\t\t<\/a>\n\t\t<\/div>\n\t\t\t\t<\/div>\n\t\t\t\t<\/div>\n\t\t\t\t<div class=\"elementor-element elementor-element-fa48544 elementor-widget elementor-widget-spacer\" data-id=\"fa48544\" data-element_type=\"widget\" data-widget_type=\"spacer.default\">\n\t\t\t\t<div class=\"elementor-widget-container\">\n\t\t\t<style>\/*! elementor - v3.19.0 - 07-02-2024 *\/\n.elementor-column .elementor-spacer-inner{height:var(--spacer-size)}.e-con{--container-widget-width:100%}.e-con-inner>.elementor-widget-spacer,.e-con>.elementor-widget-spacer{width:var(--container-widget-width,var(--spacer-size));--align-self:var(--container-widget-align-self,initial);--flex-shrink:0}.e-con-inner>.elementor-widget-spacer>.elementor-widget-container,.e-con>.elementor-widget-spacer>.elementor-widget-container{height:100%;width:100%}.e-con-inner>.elementor-widget-spacer>.elementor-widget-container>.elementor-spacer,.e-con>.elementor-widget-spacer>.elementor-widget-container>.elementor-spacer{height:100%}.e-con-inner>.elementor-widget-spacer>.elementor-widget-container>.elementor-spacer>.elementor-spacer-inner,.e-con>.elementor-widget-spacer>.elementor-widget-container>.elementor-spacer>.elementor-spacer-inner{height:var(--container-widget-height,var(--spacer-size))}.e-con-inner>.elementor-widget-spacer.elementor-widget-empty,.e-con>.elementor-widget-spacer.elementor-widget-empty{position:relative;min-height:22px;min-width:22px}.e-con-inner>.elementor-widget-spacer.elementor-widget-empty .elementor-widget-empty-icon,.e-con>.elementor-widget-spacer.elementor-widget-empty .elementor-widget-empty-icon{position:absolute;top:0;bottom:0;left:0;right:0;margin:auto;padding:0;width:22px;height:22px}<\/style>\t\t<div class=\"elementor-spacer\">\n\t\t\t<div class=\"elementor-spacer-inner\"><\/div>\n\t\t<\/div>\n\t\t\t\t<\/div>\n\t\t\t\t<\/div>\n\t\t\t\t\t<\/div>\n\t\t\t\t<\/div>\n\t\t<div class=\"elementor-element elementor-element-b5a45b0 e-flex e-con-boxed e-con e-parent\" data-id=\"b5a45b0\" data-element_type=\"container\" data-settings=\"{&quot;content_width&quot;:&quot;boxed&quot;}\" data-core-v316-plus=\"true\">\n\t\t\t\t\t<div class=\"e-con-inner\">\n\t\t\t\t<div class=\"elementor-element elementor-element-b278e7b elementor-widget elementor-widget-qi_addons_for_elementor_dual_image_with_content\" data-id=\"b278e7b\" data-element_type=\"widget\" data-widget_type=\"qi_addons_for_elementor_dual_image_with_content.default\">\n\t\t\t\t<div class=\"elementor-widget-container\">\n\t\t\t<div class=\"qodef-shortcode qodef-m  qodef-qi-dual-image-with-content qodef--content-left qodef-decoration--italic qodef-link--underline-draw qodef-qi--has-appear \">\n\t<div class=\"qodef-dual-content\">\n\t\t<div class=\"qodef-m-inner-content\">\n\t\t\t\t<h2 class=\"qodef-m-title\">\n\t\tInaugurazione mostra \u00abImmagini, costumi e storia del Marchese\u00bb \t<\/h2>\n\t\t\t\t<p class=\"qodef-m-text\">Sabato 4 maggio, ore 11.00\n<br>\nOratorio della Carit\u00e0, Fabriano (An)<\/p>\n\t\t<\/div>\n\t\t<div class=\"qodef-m-inner-bottom\">\n\t\t\t\t\t<\/div>\n\t<\/div>\n\t<div class=\"qodef-image-holder\">\n\t\t<div class=\"qodef-m-main-image\">\n\t<img loading=\"lazy\" decoding=\"async\" width=\"650\" height=\"650\" src=\"https:\/\/www.mdgf.it\/new\/wp-content\/uploads\/2024\/02\/IMG_2128-650x650.jpg\" class=\"attachment-qi_addons_for_elementor_image_size_square size-qi_addons_for_elementor_image_size_square\" alt=\"\" srcset=\"https:\/\/www.mdgf.it\/new\/wp-content\/uploads\/2024\/02\/IMG_2128-650x650.jpg 650w, https:\/\/www.mdgf.it\/new\/wp-content\/uploads\/2024\/02\/IMG_2128-150x150.jpg 150w, https:\/\/www.mdgf.it\/new\/wp-content\/uploads\/2024\/02\/IMG_2128-1300x1300.jpg 1300w, https:\/\/www.mdgf.it\/new\/wp-content\/uploads\/2024\/02\/IMG_2128-300x300.jpg 300w, https:\/\/www.mdgf.it\/new\/wp-content\/uploads\/2024\/02\/IMG_2128-100x100.jpg 100w\" sizes=\"(max-width: 650px) 100vw, 650px\" \/><\/div>\n\t\t<div class=\"qodef-m-second-image\">\n\t<img loading=\"lazy\" decoding=\"async\" width=\"1\" height=\"1\" src=\"https:\/\/www.mdgf.it\/new\/wp-content\/uploads\/2024\/02\/qi-addons-for-elementor-placeholder.png\" class=\"attachment-medium size-medium\" alt=\"\" \/><\/div>\n\t<\/div>\n<\/div>\n\t\t<\/div>\n\t\t\t\t<\/div>\n\t\t\t\t\t<\/div>\n\t\t\t\t<\/div>\n\t\t<div class=\"elementor-element elementor-element-f50a948 e-flex e-con-boxed e-con e-parent\" data-id=\"f50a948\" data-element_type=\"container\" data-settings=\"{&quot;content_width&quot;:&quot;boxed&quot;}\" data-core-v316-plus=\"true\">\n\t\t\t\t\t<div class=\"e-con-inner\">\n\t\t\t\t<div class=\"elementor-element elementor-element-a10260e elementor-widget elementor-widget-qi_addons_for_elementor_dual_image_with_content\" data-id=\"a10260e\" data-element_type=\"widget\" data-widget_type=\"qi_addons_for_elementor_dual_image_with_content.default\">\n\t\t\t\t<div class=\"elementor-widget-container\">\n\t\t\t<div class=\"qodef-shortcode qodef-m  qodef-qi-dual-image-with-content qodef--content-right qodef-decoration--italic qodef-link--underline-draw qodef-qi--has-appear \">\n\t<div class=\"qodef-dual-content\">\n\t\t<div class=\"qodef-m-inner-content\">\n\t\t\t\t<h2 class=\"qodef-m-title\">\n\t\tAperitivo e visita alla Villa del Marchese\t<\/h2>\n\t\t\t\t<p class=\"qodef-m-text\">Sabato 4 maggio, ore 12.00\n<br>\nVilla del Marchese Del Grillo, Localit\u00e0 Rocchetta, Fabriano (An)\n<\/p>\n\t\t<\/div>\n\t\t<div class=\"qodef-m-inner-bottom\">\n\t\t\t\t\t<\/div>\n\t<\/div>\n\t<div class=\"qodef-image-holder\">\n\t\t<div class=\"qodef-m-main-image\">\n\t<img loading=\"lazy\" decoding=\"async\" width=\"650\" height=\"650\" src=\"https:\/\/www.mdgf.it\/new\/wp-content\/uploads\/2024\/02\/foto-tavolo-marchese-del-grillo-650x650.jpg\" class=\"attachment-qi_addons_for_elementor_image_size_square size-qi_addons_for_elementor_image_size_square\" alt=\"\" srcset=\"https:\/\/www.mdgf.it\/new\/wp-content\/uploads\/2024\/02\/foto-tavolo-marchese-del-grillo-650x650.jpg 650w, https:\/\/www.mdgf.it\/new\/wp-content\/uploads\/2024\/02\/foto-tavolo-marchese-del-grillo-150x150.jpg 150w, https:\/\/www.mdgf.it\/new\/wp-content\/uploads\/2024\/02\/foto-tavolo-marchese-del-grillo-300x300.jpg 300w, https:\/\/www.mdgf.it\/new\/wp-content\/uploads\/2024\/02\/foto-tavolo-marchese-del-grillo-100x100.jpg 100w\" sizes=\"(max-width: 650px) 100vw, 650px\" \/><\/div>\n\t\t<div class=\"qodef-m-second-image\">\n\t<img loading=\"lazy\" decoding=\"async\" width=\"1\" height=\"1\" src=\"https:\/\/www.mdgf.it\/new\/wp-content\/uploads\/2024\/02\/qi-addons-for-elementor-placeholder.png\" class=\"attachment-medium size-medium\" alt=\"\" \/><\/div>\n\t<\/div>\n<\/div>\n\t\t<\/div>\n\t\t\t\t<\/div>\n\t\t\t\t\t<\/div>\n\t\t\t\t<\/div>\n\t\t<div class=\"elementor-element elementor-element-15e86dd e-flex e-con-boxed e-con e-parent\" data-id=\"15e86dd\" data-element_type=\"container\" data-settings=\"{&quot;content_width&quot;:&quot;boxed&quot;}\" data-core-v316-plus=\"true\">\n\t\t\t\t\t<div class=\"e-con-inner\">\n\t\t\t\t<div class=\"elementor-element elementor-element-42a4fb0 elementor-widget elementor-widget-qi_addons_for_elementor_dual_image_with_content\" data-id=\"42a4fb0\" data-element_type=\"widget\" data-widget_type=\"qi_addons_for_elementor_dual_image_with_content.default\">\n\t\t\t\t<div class=\"elementor-widget-container\">\n\t\t\t<div class=\"qodef-shortcode qodef-m  qodef-qi-dual-image-with-content qodef--content-right qodef-decoration--italic qodef-link--underline-draw qodef-qi--has-appear \">\n\t<div class=\"qodef-dual-content\">\n\t\t<div class=\"qodef-m-inner-content\">\n\t\t\t\t<h2 class=\"qodef-m-title\">\n\t\tVisita ai luoghi del Marchese Del Grillo: \u00abFabriano citt\u00e0 del Marchese Del Grillo\u00bb\t<\/h2>\n\t\t\t\t<p class=\"qodef-m-text\">Sabato 4 maggio, ore 15.00\n<br>Piazza del Comune, Fabriano (An)<\/p>\n\t\t<\/div>\n\t\t<div class=\"qodef-m-inner-bottom\">\n\t\t\t\t\t<\/div>\n\t<\/div>\n\t<div class=\"qodef-image-holder\">\n\t\t<div class=\"qodef-m-main-image\">\n\t<img loading=\"lazy\" decoding=\"async\" width=\"650\" height=\"650\" src=\"https:\/\/www.mdgf.it\/new\/wp-content\/uploads\/2024\/02\/fabriano-650x650.jpg\" class=\"attachment-qi_addons_for_elementor_image_size_square size-qi_addons_for_elementor_image_size_square\" alt=\"\" srcset=\"https:\/\/www.mdgf.it\/new\/wp-content\/uploads\/2024\/02\/fabriano-650x650.jpg 650w, https:\/\/www.mdgf.it\/new\/wp-content\/uploads\/2024\/02\/fabriano-150x150.jpg 150w, https:\/\/www.mdgf.it\/new\/wp-content\/uploads\/2024\/02\/fabriano-1300x1300.jpg 1300w, https:\/\/www.mdgf.it\/new\/wp-content\/uploads\/2024\/02\/fabriano-300x300.jpg 300w, https:\/\/www.mdgf.it\/new\/wp-content\/uploads\/2024\/02\/fabriano-100x100.jpg 100w\" sizes=\"(max-width: 650px) 100vw, 650px\" \/><\/div>\n\t\t<div class=\"qodef-m-second-image\">\n\t<img loading=\"lazy\" decoding=\"async\" width=\"1\" height=\"1\" src=\"https:\/\/www.mdgf.it\/new\/wp-content\/uploads\/2024\/02\/qi-addons-for-elementor-placeholder.png\" class=\"attachment-medium size-medium\" alt=\"\" \/><\/div>\n\t<\/div>\n<\/div>\n\t\t<\/div>\n\t\t\t\t<\/div>\n\t\t\t\t\t<\/div>\n\t\t\t\t<\/div>\n\t\t<div class=\"elementor-element elementor-element-9c0cc31 e-flex e-con-boxed e-con e-parent\" data-id=\"9c0cc31\" data-element_type=\"container\" data-settings=\"{&quot;content_width&quot;:&quot;boxed&quot;}\" data-core-v316-plus=\"true\">\n\t\t\t\t\t<div class=\"e-con-inner\">\n\t\t\t\t<div class=\"elementor-element elementor-element-d48d016 elementor-widget elementor-widget-qi_addons_for_elementor_dual_image_with_content\" data-id=\"d48d016\" data-element_type=\"widget\" data-widget_type=\"qi_addons_for_elementor_dual_image_with_content.default\">\n\t\t\t\t<div class=\"elementor-widget-container\">\n\t\t\t<div class=\"qodef-shortcode qodef-m  qodef-qi-dual-image-with-content qodef--content-left qodef-decoration--italic qodef-link--underline-draw qodef-qi--has-appear \">\n\t<div class=\"qodef-dual-content\">\n\t\t<div class=\"qodef-m-inner-content\">\n\t\t\t\t<h2 class=\"qodef-m-title\">\n\t\tConvegno \u00abMarchese Del Grillo fabrianese di nascita romano d'adozione\u00bb\t<\/h2>\n\t\t\t\t<p class=\"qodef-m-text\">Sabato 4 maggio, ore 17.00\n<br>Sala Grande, Palazzo del Podest\u00e0, Fabriano (An)\n<\/p>\n\t\t<\/div>\n\t\t<div class=\"qodef-m-inner-bottom\">\n\t\t\t\t\t<\/div>\n\t<\/div>\n\t<div class=\"qodef-image-holder\">\n\t\t<div class=\"qodef-m-main-image\">\n\t<img loading=\"lazy\" decoding=\"async\" width=\"650\" height=\"650\" src=\"https:\/\/www.mdgf.it\/new\/wp-content\/uploads\/2024\/02\/atti-Onofrio-Del-Grillo-s-650x650.gif\" class=\"attachment-qi_addons_for_elementor_image_size_square size-qi_addons_for_elementor_image_size_square\" alt=\"\" srcset=\"https:\/\/www.mdgf.it\/new\/wp-content\/uploads\/2024\/02\/atti-Onofrio-Del-Grillo-s-650x650.gif 650w, https:\/\/www.mdgf.it\/new\/wp-content\/uploads\/2024\/02\/atti-Onofrio-Del-Grillo-s-150x150.gif 150w, https:\/\/www.mdgf.it\/new\/wp-content\/uploads\/2024\/02\/atti-Onofrio-Del-Grillo-s-1300x1300.gif 1300w, https:\/\/www.mdgf.it\/new\/wp-content\/uploads\/2024\/02\/atti-Onofrio-Del-Grillo-s-300x300.gif 300w, https:\/\/www.mdgf.it\/new\/wp-content\/uploads\/2024\/02\/atti-Onofrio-Del-Grillo-s-100x100.gif 100w\" sizes=\"(max-width: 650px) 100vw, 650px\" \/><\/div>\n\t\t<div class=\"qodef-m-second-image\">\n\t<img loading=\"lazy\" decoding=\"async\" width=\"1\" height=\"1\" src=\"https:\/\/www.mdgf.it\/new\/wp-content\/uploads\/2024\/02\/qi-addons-for-elementor-placeholder.png\" class=\"attachment-medium size-medium\" alt=\"\" \/><\/div>\n\t<\/div>\n<\/div>\n\t\t<\/div>\n\t\t\t\t<\/div>\n\t\t\t\t\t<\/div>\n\t\t\t\t<\/div>\n\t\t<div class=\"elementor-element elementor-element-c3b65ed e-flex e-con-boxed e-con e-parent\" data-id=\"c3b65ed\" data-element_type=\"container\" data-settings=\"{&quot;content_width&quot;:&quot;boxed&quot;}\" data-core-v316-plus=\"true\">\n\t\t\t\t\t<div class=\"e-con-inner\">\n\t\t\t\t<div class=\"elementor-element elementor-element-5a14156 elementor-widget elementor-widget-qi_addons_for_elementor_dual_image_with_content\" data-id=\"5a14156\" data-element_type=\"widget\" data-widget_type=\"qi_addons_for_elementor_dual_image_with_content.default\">\n\t\t\t\t<div class=\"elementor-widget-container\">\n\t\t\t<div class=\"qodef-shortcode qodef-m  qodef-qi-dual-image-with-content qodef--content-left qodef-decoration--italic qodef-link--underline-draw qodef-qi--has-appear \">\n\t<div class=\"qodef-dual-content\">\n\t\t<div class=\"qodef-m-inner-content\">\n\t\t\t\t<h2 class=\"qodef-m-title\">\n\t\t\u00abLa Cena del Marchese\u00bb\t<\/h2>\n\t\t\t\t<p class=\"qodef-m-text\">Sabato 4 maggio, ore 19.30\n<br>Loggiato San Francesco, Fabriano (An)<br>\n\n<br> \"Una serata dall'atmosfera speciale, con il suggestivo affaccio sulla piazza alta di Fabriano, citt\u00e0 natale del Marchese Del Grillo\"\n<br>\n\n<br>\nPrenotazioni al 338 809 2047<\/p>\n\t\t<\/div>\n\t\t<div class=\"qodef-m-inner-bottom\">\n\t\t\t\t\t<\/div>\n\t<\/div>\n\t<div class=\"qodef-image-holder\">\n\t\t<div class=\"qodef-m-main-image\">\n\t<img loading=\"lazy\" decoding=\"async\" width=\"650\" height=\"650\" src=\"https:\/\/www.mdgf.it\/new\/wp-content\/uploads\/2024\/04\/cenadelmarchese-650x650.jpeg\" class=\"attachment-qi_addons_for_elementor_image_size_square size-qi_addons_for_elementor_image_size_square\" alt=\"\" srcset=\"https:\/\/www.mdgf.it\/new\/wp-content\/uploads\/2024\/04\/cenadelmarchese-650x650.jpeg 650w, https:\/\/www.mdgf.it\/new\/wp-content\/uploads\/2024\/04\/cenadelmarchese-300x300.jpeg 300w, https:\/\/www.mdgf.it\/new\/wp-content\/uploads\/2024\/04\/cenadelmarchese-1024x1024.jpeg 1024w, https:\/\/www.mdgf.it\/new\/wp-content\/uploads\/2024\/04\/cenadelmarchese-150x150.jpeg 150w, https:\/\/www.mdgf.it\/new\/wp-content\/uploads\/2024\/04\/cenadelmarchese-768x768.jpeg 768w, https:\/\/www.mdgf.it\/new\/wp-content\/uploads\/2024\/04\/cenadelmarchese-1536x1536.jpeg 1536w, https:\/\/www.mdgf.it\/new\/wp-content\/uploads\/2024\/04\/cenadelmarchese-1300x1300.jpeg 1300w, https:\/\/www.mdgf.it\/new\/wp-content\/uploads\/2024\/04\/cenadelmarchese-600x600.jpeg 600w, https:\/\/www.mdgf.it\/new\/wp-content\/uploads\/2024\/04\/cenadelmarchese-100x100.jpeg 100w, https:\/\/www.mdgf.it\/new\/wp-content\/uploads\/2024\/04\/cenadelmarchese.jpeg 1600w\" sizes=\"(max-width: 650px) 100vw, 650px\" \/><\/div>\n\t\t<div class=\"qodef-m-second-image\">\n\t<img loading=\"lazy\" decoding=\"async\" src=\"https:\/\/www.mdgf.it\/new\/wp-content\/uploads\/2024\/02\/StemmaMarchesedelGrillo_Tavola-disegno-1-copia-10x12.png\" alt=\"\" width=\"10\" height=\"12\" \/><\/div>\n\t<\/div>\n<\/div>\n\t\t<\/div>\n\t\t\t\t<\/div>\n\t\t\t\t\t<\/div>\n\t\t\t\t<\/div>\n\t\t<div class=\"elementor-element elementor-element-a77c848 e-flex e-con-boxed e-con e-parent\" data-id=\"a77c848\" data-element_type=\"container\" data-settings=\"{&quot;content_width&quot;:&quot;boxed&quot;}\" data-core-v316-plus=\"true\">\n\t\t\t\t\t<div class=\"e-con-inner\">\n\t\t\t\t<div class=\"elementor-element elementor-element-e3c836f elementor-align-center elementor-widget elementor-widget-button\" data-id=\"e3c836f\" data-element_type=\"widget\" data-widget_type=\"button.default\">\n\t\t\t\t<div class=\"elementor-widget-container\">\n\t\t\t\t\t<div class=\"elementor-button-wrapper\">\n\t\t\t<a class=\"elementor-button elementor-button-link elementor-size-md\" href=\"https:\/\/www.mdgf.it\/new\/wp-content\/uploads\/2024\/04\/cenadelmarchese.jpeg\" target=\"_blank\">\n\t\t\t\t\t\t<span class=\"elementor-button-content-wrapper\">\n\t\t\t\t\t\t<span class=\"elementor-button-text\">Visualizza la locandina qui<\/span>\n\t\t<\/span>\n\t\t\t\t\t<\/a>\n\t\t<\/div>\n\t\t\t\t<\/div>\n\t\t\t\t<\/div>\n\t\t\t\t\t<\/div>\n\t\t\t\t<\/div>\n\t\t<div class=\"elementor-element elementor-element-2e51cae e-flex e-con-boxed e-con e-parent\" data-id=\"2e51cae\" data-element_type=\"container\" data-settings=\"{&quot;content_width&quot;:&quot;boxed&quot;}\" data-core-v316-plus=\"true\">\n\t\t\t\t\t<div class=\"e-con-inner\">\n\t\t\t\t<div class=\"elementor-element elementor-element-32901d9 elementor-invisible elementor-widget elementor-widget-qi_addons_for_elementor_dual_image_with_content\" data-id=\"32901d9\" data-element_type=\"widget\" data-settings=\"{&quot;_animation&quot;:&quot;fadeInRight&quot;}\" data-widget_type=\"qi_addons_for_elementor_dual_image_with_content.default\">\n\t\t\t\t<div class=\"elementor-widget-container\">\n\t\t\t<div class=\"qodef-shortcode qodef-m  qodef-qi-dual-image-with-content qodef--content-right qodef-decoration--italic qodef-link--underline-draw qodef-qi--has-appear \">\n\t<div class=\"qodef-dual-content\">\n\t\t<div class=\"qodef-m-inner-content\">\n\t\t\t\t<h2 class=\"qodef-m-title\">\n\t\tTE STAMO A CERCA\u2019\t<\/h2>\n\t\t\t\t<p class=\"qodef-m-text\">Sabato 4 maggio ore 21.30 <br>Teatro Gentile, Fabriano (An)\n<br><br>\nDirettamente da Colorado e Only Fun\nALBERTO FARINA - Stand Up Comedy\ncon sfida finale del contest goliardico \nTE STAMO A CERCA'<br>\nDirezione artistica: DARIO CASSINI\n<br>\nPresentano la serata: Magico Alivernini e Agnese Testadiferro.\n<br>\n<br>\n<a>Clicca qui ed acquista subito il tuo biglietto!<\/a>\n\n<\/p>\n\t\t<\/div>\n\t\t<div class=\"qodef-m-inner-bottom\">\n\t\t\t\t\t<\/div>\n\t<\/div>\n\t<div class=\"qodef-image-holder\">\n\t\t<div class=\"qodef-m-main-image\">\n\t<img loading=\"lazy\" decoding=\"async\" width=\"650\" height=\"650\" src=\"https:\/\/www.mdgf.it\/new\/wp-content\/uploads\/2024\/04\/testamoacerca-cassini-650x650.jpg\" class=\"attachment-qi_addons_for_elementor_image_size_square size-qi_addons_for_elementor_image_size_square\" alt=\"\" srcset=\"https:\/\/www.mdgf.it\/new\/wp-content\/uploads\/2024\/04\/testamoacerca-cassini-650x650.jpg 650w, https:\/\/www.mdgf.it\/new\/wp-content\/uploads\/2024\/04\/testamoacerca-cassini-150x150.jpg 150w, https:\/\/www.mdgf.it\/new\/wp-content\/uploads\/2024\/04\/testamoacerca-cassini-1300x1300.jpg 1300w, https:\/\/www.mdgf.it\/new\/wp-content\/uploads\/2024\/04\/testamoacerca-cassini-300x300.jpg 300w, https:\/\/www.mdgf.it\/new\/wp-content\/uploads\/2024\/04\/testamoacerca-cassini-100x100.jpg 100w\" sizes=\"(max-width: 650px) 100vw, 650px\" \/><\/div>\n\t\t<div class=\"qodef-m-second-image\">\n\t<img loading=\"lazy\" decoding=\"async\" width=\"1\" height=\"1\" src=\"https:\/\/www.mdgf.it\/new\/wp-content\/uploads\/2024\/02\/qi-addons-for-elementor-placeholder.png\" class=\"attachment-medium size-medium\" alt=\"\" \/><\/div>\n\t<\/div>\n<\/div>\n\t\t<\/div>\n\t\t\t\t<\/div>\n\t\t\t\t<div class=\"elementor-element elementor-element-9aa1ab8 elementor-align-center elementor-widget elementor-widget-button\" data-id=\"9aa1ab8\" data-element_type=\"widget\" data-widget_type=\"button.default\">\n\t\t\t\t<div class=\"elementor-widget-container\">\n\t\t\t\t\t<div class=\"elementor-button-wrapper\">\n\t\t\t<a class=\"elementor-button elementor-button-link elementor-size-md\" href=\"https:\/\/www.mdgf.it\/new\/wp-content\/uploads\/2024\/04\/testamoacerca-cassini.jpg\" target=\"_blank\">\n\t\t\t\t\t\t<span class=\"elementor-button-content-wrapper\">\n\t\t\t\t\t\t<span class=\"elementor-button-text\">visualizza la locandina qui<\/span>\n\t\t<\/span>\n\t\t\t\t\t<\/a>\n\t\t<\/div>\n\t\t\t\t<\/div>\n\t\t\t\t<\/div>\n\t\t\t\t<div class=\"elementor-element elementor-element-cc49378 elementor-widget elementor-widget-qi_addons_for_elementor_dual_image_with_content\" data-id=\"cc49378\" data-element_type=\"widget\" data-widget_type=\"qi_addons_for_elementor_dual_image_with_content.default\">\n\t\t\t\t<div class=\"elementor-widget-container\">\n\t\t\t<div class=\"qodef-shortcode qodef-m  qodef-qi-dual-image-with-content qodef--content-right qodef-decoration--italic qodef-link--underline-draw qodef-qi--has-appear \">\n\t<div class=\"qodef-dual-content\">\n\t\t<div class=\"qodef-m-inner-content\">\n\t\t\t\t<h2 class=\"qodef-m-title\">\n\t\tTavola Rotonda e Rassegna Cinematografica \u00abIl grillo del Marchese sempre zompa\u00bb\t<\/h2>\n\t\t\t\t<p class=\"qodef-m-text\">Domenica 5 maggio, ore 11.00\n<br>\nSala Grande, Palazzo del Podest\u00e0, Fabriano (An)<\/p>\n\t\t<\/div>\n\t\t<div class=\"qodef-m-inner-bottom\">\n\t\t\t\t\t<\/div>\n\t<\/div>\n\t<div class=\"qodef-image-holder\">\n\t\t<div class=\"qodef-m-main-image\">\n\t<img loading=\"lazy\" decoding=\"async\" width=\"650\" height=\"650\" src=\"https:\/\/www.mdgf.it\/new\/wp-content\/uploads\/2024\/03\/alberto-sordi-650x650.jpeg\" class=\"attachment-qi_addons_for_elementor_image_size_square size-qi_addons_for_elementor_image_size_square\" alt=\"\" srcset=\"https:\/\/www.mdgf.it\/new\/wp-content\/uploads\/2024\/03\/alberto-sordi-650x650.jpeg 650w, https:\/\/www.mdgf.it\/new\/wp-content\/uploads\/2024\/03\/alberto-sordi-150x150.jpeg 150w, https:\/\/www.mdgf.it\/new\/wp-content\/uploads\/2024\/03\/alberto-sordi-300x300.jpeg 300w, https:\/\/www.mdgf.it\/new\/wp-content\/uploads\/2024\/03\/alberto-sordi-100x100.jpeg 100w\" sizes=\"(max-width: 650px) 100vw, 650px\" \/><\/div>\n\t\t<div class=\"qodef-m-second-image\">\n\t<img loading=\"lazy\" decoding=\"async\" width=\"1\" height=\"1\" src=\"https:\/\/www.mdgf.it\/new\/wp-content\/uploads\/2024\/02\/qi-addons-for-elementor-placeholder.png\" class=\"attachment-medium size-medium\" alt=\"\" \/><\/div>\n\t<\/div>\n<\/div>\n\t\t<\/div>\n\t\t\t\t<\/div>\n\t\t\t\t\t<\/div>\n\t\t\t\t<\/div>\n\t\t\t\t<section class=\"elementor-section elementor-top-section elementor-element elementor-element-0f28283 elementor-section-full_width elementor-section-height-default elementor-section-height-default\" data-id=\"0f28283\" data-element_type=\"section\">\n\t\t\t\t\t\t<div class=\"elementor-container elementor-column-gap-default\">\n\t\t\t\t\t<div class=\"elementor-column elementor-col-100 elementor-top-column elementor-element elementor-element-96a172b\" data-id=\"96a172b\" data-element_type=\"column\">\n\t\t\t<div class=\"elementor-widget-wrap elementor-element-populated\">\n\t\t\t\t\t\t<div class=\"elementor-element elementor-element-d167a9a elementor-widget elementor-widget-chateau_core_image_gallery\" data-id=\"d167a9a\" data-element_type=\"widget\" data-widget_type=\"chateau_core_image_gallery.default\">\n\t\t\t\t<div class=\"elementor-widget-container\">\n\t\t\t<div class=\"qodef-shortcode qodef-m  qodef-image-gallery qodef-magnific-popup qodef-popup-gallery  qodef--has-appear qodef-grid qodef-layout--columns    qodef-col-num--5    qodef-responsive--custom qodef-col-num--1440--5 qodef-col-num--1366--5 qodef-col-num--1024--5 qodef-col-num--768--2 qodef-col-num--680--1 qodef-col-num--480--1\" >\n\t<div class=\"qodef-grid-inner\">\n\t\t<div class=\"qodef-e qodef-image-wrapper qodef-grid-item \">\n\t\t\t<a class=\"qodef-popup-item\" itemprop=\"image\" href=\"https:\/\/www.mdgf.it\/new\/wp-content\/uploads\/2025\/04\/logo-citta-di-fabriano-1.jpg\" data-type=\"image\" title=\"Logo citta di Fabriano Citt\u00e0 creativa Unesco\">\n\t\t<span class=\"qodef-hover-plus\"><\/span>\n\t\t\t<img decoding=\"async\" width=\"1024\" height=\"1024\" src=\"https:\/\/www.mdgf.it\/new\/wp-content\/uploads\/2025\/04\/logo-citta-di-fabriano-1-1024x1024.jpg\" class=\"attachment-large size-large\" alt=\"Logo citta di Fabriano Citt\u00e0 creativa Unesco\" loading=\"eager\" srcset=\"https:\/\/www.mdgf.it\/new\/wp-content\/uploads\/2025\/04\/logo-citta-di-fabriano-1-1024x1024.jpg 1024w, https:\/\/www.mdgf.it\/new\/wp-content\/uploads\/2025\/04\/logo-citta-di-fabriano-1-300x300.jpg 300w, https:\/\/www.mdgf.it\/new\/wp-content\/uploads\/2025\/04\/logo-citta-di-fabriano-1-150x150.jpg 150w, https:\/\/www.mdgf.it\/new\/wp-content\/uploads\/2025\/04\/logo-citta-di-fabriano-1-768x768.jpg 768w, https:\/\/www.mdgf.it\/new\/wp-content\/uploads\/2025\/04\/logo-citta-di-fabriano-1-1536x1536.jpg 1536w, https:\/\/www.mdgf.it\/new\/wp-content\/uploads\/2025\/04\/logo-citta-di-fabriano-1-650x650.jpg 650w, https:\/\/www.mdgf.it\/new\/wp-content\/uploads\/2025\/04\/logo-citta-di-fabriano-1-1300x1300.jpg 1300w, https:\/\/www.mdgf.it\/new\/wp-content\/uploads\/2025\/04\/logo-citta-di-fabriano-1-600x600.jpg 600w, https:\/\/www.mdgf.it\/new\/wp-content\/uploads\/2025\/04\/logo-citta-di-fabriano-1-100x100.jpg 100w, https:\/\/www.mdgf.it\/new\/wp-content\/uploads\/2025\/04\/logo-citta-di-fabriano-1.jpg 1920w\" sizes=\"(max-width: 1024px) 100vw, 1024px\" \/>\t\t\t<\/a>\n\t<\/div>\n<div class=\"qodef-e qodef-image-wrapper qodef-grid-item \">\n\t\t\t<a class=\"qodef-popup-item\" itemprop=\"image\" href=\"https:\/\/www.mdgf.it\/new\/wp-content\/uploads\/2024\/04\/regione-marche-lets-1.jpg\" data-type=\"image\" title=\"Regione Marche Let&#039;s Marche\">\n\t\t<span class=\"qodef-hover-plus\"><\/span>\n\t\t\t<img decoding=\"async\" width=\"425\" height=\"425\" src=\"https:\/\/www.mdgf.it\/new\/wp-content\/uploads\/2024\/04\/regione-marche-lets-1.jpg\" class=\"attachment-large size-large\" alt=\"Regione Marche Let&#039;s Marche\" loading=\"eager\" srcset=\"https:\/\/www.mdgf.it\/new\/wp-content\/uploads\/2024\/04\/regione-marche-lets-1.jpg 425w, https:\/\/www.mdgf.it\/new\/wp-content\/uploads\/2024\/04\/regione-marche-lets-1-300x300.jpg 300w, https:\/\/www.mdgf.it\/new\/wp-content\/uploads\/2024\/04\/regione-marche-lets-1-150x150.jpg 150w, https:\/\/www.mdgf.it\/new\/wp-content\/uploads\/2024\/04\/regione-marche-lets-1-100x100.jpg 100w\" sizes=\"(max-width: 425px) 100vw, 425px\" \/>\t\t\t<\/a>\n\t<\/div>\n<div class=\"qodef-e qodef-image-wrapper qodef-grid-item \">\n\t\t\t<a class=\"qodef-popup-item\" itemprop=\"image\" href=\"https:\/\/www.mdgf.it\/new\/wp-content\/uploads\/2024\/04\/comune-roma-1.jpg\" data-type=\"image\" title=\"Comune di Roma ASSESSORATO ALLA CULTURA\">\n\t\t<span class=\"qodef-hover-plus\"><\/span>\n\t\t\t<img decoding=\"async\" width=\"462\" height=\"462\" src=\"https:\/\/www.mdgf.it\/new\/wp-content\/uploads\/2024\/04\/comune-roma-1.jpg\" class=\"attachment-large size-large\" alt=\"Comune di Roma ASSESSORATO ALLA CULTURA\" loading=\"eager\" srcset=\"https:\/\/www.mdgf.it\/new\/wp-content\/uploads\/2024\/04\/comune-roma-1.jpg 462w, https:\/\/www.mdgf.it\/new\/wp-content\/uploads\/2024\/04\/comune-roma-1-300x300.jpg 300w, https:\/\/www.mdgf.it\/new\/wp-content\/uploads\/2024\/04\/comune-roma-1-150x150.jpg 150w, https:\/\/www.mdgf.it\/new\/wp-content\/uploads\/2024\/04\/comune-roma-1-100x100.jpg 100w\" sizes=\"(max-width: 462px) 100vw, 462px\" \/>\t\t\t<\/a>\n\t<\/div>\n<div class=\"qodef-e qodef-image-wrapper qodef-grid-item \">\n\t\t\t<a class=\"qodef-popup-item\" itemprop=\"image\" href=\"https:\/\/www.mdgf.it\/new\/wp-content\/uploads\/2024\/04\/pio-sodalizio-piceni-1.jpg\" data-type=\"image\" title=\"Pio sodalizio dei Piceni\">\n\t\t<span class=\"qodef-hover-plus\"><\/span>\n\t\t\t<img decoding=\"async\" width=\"425\" height=\"425\" src=\"https:\/\/www.mdgf.it\/new\/wp-content\/uploads\/2024\/04\/pio-sodalizio-piceni-1.jpg\" class=\"attachment-large size-large\" alt=\"Pio sodalizio dei Piceni\" loading=\"eager\" srcset=\"https:\/\/www.mdgf.it\/new\/wp-content\/uploads\/2024\/04\/pio-sodalizio-piceni-1.jpg 425w, https:\/\/www.mdgf.it\/new\/wp-content\/uploads\/2024\/04\/pio-sodalizio-piceni-1-300x300.jpg 300w, https:\/\/www.mdgf.it\/new\/wp-content\/uploads\/2024\/04\/pio-sodalizio-piceni-1-150x150.jpg 150w, https:\/\/www.mdgf.it\/new\/wp-content\/uploads\/2024\/04\/pio-sodalizio-piceni-1-100x100.jpg 100w\" sizes=\"(max-width: 425px) 100vw, 425px\" \/>\t\t\t<\/a>\n\t<\/div>\n<div class=\"qodef-e qodef-image-wrapper qodef-grid-item \">\n\t\t\t<a class=\"qodef-popup-item\" itemprop=\"image\" href=\"https:\/\/www.mdgf.it\/new\/wp-content\/uploads\/2024\/04\/diocesi-fabriano-matelica-1.jpg\" data-type=\"image\" title=\"Diocesi Fabriano Matelica\">\n\t\t<span class=\"qodef-hover-plus\"><\/span>\n\t\t\t<img decoding=\"async\" width=\"425\" height=\"425\" src=\"https:\/\/www.mdgf.it\/new\/wp-content\/uploads\/2024\/04\/diocesi-fabriano-matelica-1.jpg\" class=\"attachment-large size-large\" alt=\"Diocesi Fabriano Matelica\" loading=\"eager\" srcset=\"https:\/\/www.mdgf.it\/new\/wp-content\/uploads\/2024\/04\/diocesi-fabriano-matelica-1.jpg 425w, https:\/\/www.mdgf.it\/new\/wp-content\/uploads\/2024\/04\/diocesi-fabriano-matelica-1-300x300.jpg 300w, https:\/\/www.mdgf.it\/new\/wp-content\/uploads\/2024\/04\/diocesi-fabriano-matelica-1-150x150.jpg 150w, https:\/\/www.mdgf.it\/new\/wp-content\/uploads\/2024\/04\/diocesi-fabriano-matelica-1-100x100.jpg 100w\" sizes=\"(max-width: 425px) 100vw, 425px\" \/>\t\t\t<\/a>\n\t<\/div>\n\t<\/div>\n<\/div>\n\t\t<\/div>\n\t\t\t\t<\/div>\n\t\t\t\t\t<\/div>\n\t\t<\/div>\n\t\t\t\t\t<\/div>\n\t\t<\/section>\n\t\t\t\t<\/div>\n\t\t","protected":false},"excerpt":{"rendered":"<p>LA SFIDA DEGLI CHEF, 4 CHEF, 4 VERSIONI DELLE PINCINELLE &#8230; E IL GIUDICE SEI TU! Torna l\u2019evento pi\u00f9 gustoso dell\u2019anno! LE PINCINELLE piatto della cucina della nostra tradizione: pasta ricavata dall\u2019impasto del pane e condita con i cosiddetti \u201csughi finti\u201d, preparati senza carne, con ingredienti semplici, ma ricchi di sapore ! Quest\u2019anno 4 Chef [&hellip;]<\/p>\n","protected":false},"author":1,"featured_media":0,"parent":0,"menu_order":0,"comment_status":"closed","ping_status":"closed","template":"page-full-width.php","meta":{"footnotes":""},"class_list":["post-5584","page","type-page","status-publish","hentry"],"_links":{"self":[{"href":"https:\/\/www.mdgf.it\/new\/wp-json\/wp\/v2\/pages\/5584","targetHints":{"allow":["GET"]}}],"collection":[{"href":"https:\/\/www.mdgf.it\/new\/wp-json\/wp\/v2\/pages"}],"about":[{"href":"https:\/\/www.mdgf.it\/new\/wp-json\/wp\/v2\/types\/page"}],"author":[{"embeddable":true,"href":"https:\/\/www.mdgf.it\/new\/wp-json\/wp\/v2\/users\/1"}],"replies":[{"embeddable":true,"href":"https:\/\/www.mdgf.it\/new\/wp-json\/wp\/v2\/comments?post=5584"}],"version-history":[{"count":312,"href":"https:\/\/www.mdgf.it\/new\/wp-json\/wp\/v2\/pages\/5584\/revisions"}],"predecessor-version":[{"id":11845,"href":"https:\/\/www.mdgf.it\/new\/wp-json\/wp\/v2\/pages\/5584\/revisions\/11845"}],"wp:attachment":[{"href":"https:\/\/www.mdgf.it\/new\/wp-json\/wp\/v2\/media?parent=5584"}],"curies":[{"name":"wp","href":"https:\/\/api.w.org\/{rel}","templated":true}]}}